{"id":15,"date":"2017-12-13T14:06:19","date_gmt":"2017-12-13T12:06:19","guid":{"rendered":"http:\/\/34.242.2.69\/seinajoki\/?page_id=15"},"modified":"2025-10-26T08:23:53","modified_gmt":"2025-10-26T06:23:53","slug":"toimintamuodot","status":"publish","type":"page","link":"https:\/\/paivitys.rauhanyhdistys.fi\/seinajoki\/toimintamuodot\/","title":{"rendered":"Toimintamuodot"},"content":{"rendered":"<div class=\"fusion-fullwidth fullwidth-box fusion-builder-row-1 nonhundred-percent-fullwidth non-hundred-percent-height-scrolling\" style=\"--awb-border-radius-top-left:0px;--awb-border-radius-top-right:0px;--awb-border-radius-bottom-right:0px;--awb-border-radius-bottom-left:0px;--awb-flex-wrap:wrap;\" ><div class=\"fusion-builder-row fusion-row\"><div class=\"fusion-layout-column fusion_builder_column fusion-builder-column-0 fusion_builder_column_1_2 1_2 fusion-one-half fusion-column-first\" style=\"--awb-bg-size:cover;width:50%;width:calc(50% - ( ( 4% ) * 0.5 ) );margin-right: 4%;\"><div class=\"fusion-column-wrapper fusion-flex-column-wrapper-legacy\"><div class=\"fusion-title title fusion-title-1 fusion-sep-none fusion-title-text fusion-title-size-one\"><h1 class=\"fusion-title-heading title-heading-left fusion-responsive-typography-calculated\" style=\"margin:0;--fontSize:34;line-height:1.4;\"><h1 class=\"content-box-heading\" data-inline-fontsize=\"true\" data-inline-lineheight=\"true\" data-fontsize=\"24\" data-lineheight=\"29\">Seurat<\/h1><\/h1><\/div><div class=\"fusion-text fusion-text-1\"><div class=\"heading icon-left\">\n<p class=\"content-box-heading\" data-inline-fontsize=\"true\" data-inline-lineheight=\"true\" data-fontsize=\"24\" data-lineheight=\"29\">Seuroihin kokoonnutaan yleens\u00e4 keskiviikkoisin ja sunnuntaisin. Seuroihin niin kuin muuhunkin toimintaan on vapaa p\u00e4\u00e4sy ja kaikki ovat l\u00e4mpim\u00e4sti tervetulleita. Yleens\u00e4 seuroissa on yksi seurapuhe. Kahvitus voi olla ennen tai j\u00e4lkeen seurapuheen, tarkemmat tiedot saatavilla toimintakalenterista. Puheen pit\u00e4\u00e4 pappi tai maallikkosaarnaaja. Seuroja j\u00e4rjestet\u00e4\u00e4n oman toimitalon lis\u00e4ksi toimialueen kirkoissa ja seurakuntataloissa, vanhusten hoitokodeissa sek\u00e4 kodeissa.<\/p>\n<\/div>\n<\/div><div class=\"fusion-clearfix\"><\/div><\/div><\/div><div class=\"fusion-layout-column fusion_builder_column fusion-builder-column-1 fusion_builder_column_1_2 1_2 fusion-one-half fusion-column-last\" style=\"--awb-bg-size:cover;width:50%;width:calc(50% - ( ( 4% ) * 0.5 ) );\"><div class=\"fusion-column-wrapper fusion-flex-column-wrapper-legacy\"><div class=\"fusion-title title fusion-title-2 fusion-sep-none fusion-title-text fusion-title-size-one\"><h1 class=\"fusion-title-heading title-heading-left fusion-responsive-typography-calculated\" style=\"margin:0;--fontSize:34;line-height:1.4;\"><h1 class=\"content-box-heading\" data-inline-fontsize=\"true\" data-inline-lineheight=\"true\" data-fontsize=\"24\" data-lineheight=\"29\">Raamattuluokka<\/h1><\/h1><\/div><div class=\"fusion-text fusion-text-2\"><div class=\"heading icon-left\">\n<p class=\"content-box-heading\" data-inline-fontsize=\"true\" data-inline-lineheight=\"true\" data-fontsize=\"24\" data-lineheight=\"29\">Raamattuluokka pidet\u00e4\u00e4n perjantai-iltaisin ohjelmassa ilmoitettuna aikana. Raamattuluokka aloitetaan nelj\u00e4nnelle luokalle ment\u00e4ess\u00e4 ja jatkuu rip-pikoulun k\u00e4ymiseen saakka. Raamattuluokka on jaettu kolmeen ryhm\u00e4\u00e4n. Omat ryhm\u00e4t 4.-luokkalaisille, 5.\u20136.-luokkalaisille ja 7.\u20138.-luokkalaisille.<\/p>\n<p class=\"content-box-heading\" data-inline-fontsize=\"true\" data-inline-lineheight=\"true\" data-fontsize=\"24\" data-lineheight=\"29\">Raamattuluokat pidet\u00e4\u00e4n p\u00e4\u00e4s\u00e4\u00e4nt\u00f6isesti rauhanyhdistyksell\u00e4, tarkemman ajankohdan ja paikan saat selville toimintakalenterista.<\/p>\n<\/div>\n<\/div><div class=\"fusion-clearfix\"><\/div><\/div><\/div><div class=\"fusion-layout-column fusion_builder_column fusion-builder-column-2 fusion_builder_column_1_2 1_2 fusion-one-half fusion-column-first\" style=\"--awb-bg-size:cover;width:50%;width:calc(50% - ( ( 4% ) * 0.5 ) );margin-right: 4%;\"><div class=\"fusion-column-wrapper fusion-flex-column-wrapper-legacy\"><div class=\"fusion-title title fusion-title-3 fusion-sep-none fusion-title-text fusion-title-size-one\"><h1 class=\"fusion-title-heading title-heading-left fusion-responsive-typography-calculated\" style=\"margin:0;--fontSize:34;line-height:1.4;\">Pyh\u00e4koulu<\/h1><\/div><div class=\"fusion-text fusion-text-3\"><p>Pyh\u00e4koulu pidet\u00e4\u00e4n sunnuntaisin joko kodeissa tai ennen seuroja rauhanyhdistyksell\u00e4 ohjelman mukaan. Pyh\u00e4koulu on tarkoitettu perheen pienim-mille noin kolmesta ik\u00e4vuodesta alakouluik\u00e4\u00e4n. Pyh\u00e4koulussa hiljennyt\u00e4\u00e4n tuttujen Raamatun kertomusten \u00e4\u00e4relle, keskustellaan ja lauletaan yh-dess\u00e4. Pyh\u00e4koulu kest\u00e4\u00e4 puolisen tuntia.<\/p>\n<\/div><div class=\"fusion-clearfix\"><\/div><\/div><\/div><div class=\"fusion-layout-column fusion_builder_column fusion-builder-column-3 fusion_builder_column_1_2 1_2 fusion-one-half fusion-column-last\" style=\"--awb-bg-size:cover;width:50%;width:calc(50% - ( ( 4% ) * 0.5 ) );\"><div class=\"fusion-column-wrapper fusion-flex-column-wrapper-legacy\"><div class=\"fusion-title title fusion-title-4 fusion-sep-none fusion-title-text fusion-title-size-one\"><h1 class=\"fusion-title-heading title-heading-left fusion-responsive-typography-calculated\" style=\"margin:0;--fontSize:34;line-height:1.4;\">Perhe- ja diakoniaty\u00f6<\/h1><\/div><div class=\"fusion-text fusion-text-4\"><p>Diakoniaty\u00f6ss\u00e4 keskeist\u00e4 on auttaa ja tukea l\u00e4himm\u00e4isi\u00e4 erilaisissa el\u00e4m\u00e4ntilanteissa. Perhe- ja diakoniatoimikunta tukee perheit\u00e4 organisoimalla lastenhoito- ja muuta apua. Toimikunta j\u00e4rjest\u00e4\u00e4 k\u00e4yntej\u00e4 ja vierailuja vanhusten koteihin. Mahdollisia avuntarvitsijoita ohjataan hakemaan ja k\u00e4ytt\u00e4m\u00e4\u00e4n yhteiskunnan ja seurakunnan avustuspalveluja. Resurssipankki on uusin SRK:n yhdess\u00e4 rauhanyhdistysten kanssa organisoima palvelu, jonka kautta apua tarvitsevalla on mahdollisuus saada apua vapaaehtoisty\u00f6t\u00e4 tekevilt\u00e4. Lis\u00e4tietoja: <a href=\"http:\/\/www.resurssipankki.fi\">www.resurssipankki.fi<\/a><\/p>\n<\/div><div class=\"fusion-clearfix\"><\/div><\/div><\/div><div class=\"fusion-layout-column fusion_builder_column fusion-builder-column-4 fusion_builder_column_1_2 1_2 fusion-one-half fusion-column-first\" style=\"--awb-bg-size:cover;width:50%;width:calc(50% - ( ( 4% ) * 0.5 ) );margin-right: 4%;\"><div class=\"fusion-column-wrapper fusion-flex-column-wrapper-legacy\"><div class=\"fusion-title title fusion-title-5 fusion-sep-none fusion-title-text fusion-title-size-one\"><h1 class=\"fusion-title-heading title-heading-left fusion-responsive-typography-calculated\" style=\"margin:0;--fontSize:34;line-height:1.4;\">P\u00e4iv\u00e4kerho<\/h1><\/div><div class=\"fusion-text fusion-text-5\"><p style=\"text-align: left;\">Rauhanyhdistyksell\u00e4 pidet\u00e4\u00e4n p\u00e4iv\u00e4kerhoa 4\u20136-vuotiaille lapsille. P\u00e4iv\u00e4kerhon tarkoituksena on tukea koteja lasten kristillisess\u00e4 kasvatusty\u00f6ss\u00e4 sek\u00e4 osaltaan juurruttaa Jumalan valtakuntaan. P\u00e4iv\u00e4kerho on lauantaisin klo 10\u201312 kahdesti kuukaudessa ohjelman mukaisesti. Kerho aloitetaan uskon-totuokiolla ja sen j\u00e4lkeen askarrellaan, leikit\u00e4\u00e4n, lauletaan tai pelataan.<\/p>\n<\/div><div class=\"fusion-clearfix\"><\/div><\/div><\/div><div class=\"fusion-layout-column fusion_builder_column fusion-builder-column-5 fusion_builder_column_1_2 1_2 fusion-one-half fusion-column-last\" style=\"--awb-bg-size:cover;width:50%;width:calc(50% - ( ( 4% ) * 0.5 ) );\"><div class=\"fusion-column-wrapper fusion-flex-column-wrapper-legacy\"><div class=\"fusion-title title fusion-title-6 fusion-sep-none fusion-title-text fusion-title-size-one\"><h1 class=\"fusion-title-heading title-heading-left fusion-responsive-typography-calculated\" style=\"margin:0;--fontSize:34;line-height:1.4;\">Tiistaikerho<\/h1><\/div><div class=\"fusion-text fusion-text-6\"><p>Tiistaikerho on suunnattu erityisesti el\u00e4kel\u00e4isille. Kerho kokoontuu p\u00e4\u00e4s\u00e4\u00e4nt\u00f6isesti joka kuukauden kolmantena tiistaina joko rauhanyhdistyksell\u00e4 tai kodeissa.<\/p>\n<\/div><div class=\"fusion-clearfix\"><\/div><\/div><\/div><div class=\"fusion-layout-column fusion_builder_column fusion-builder-column-6 fusion_builder_column_1_2 1_2 fusion-one-half fusion-column-first\" style=\"--awb-bg-size:cover;width:50%;width:calc(50% - ( ( 4% ) * 0.5 ) );margin-right: 4%;\"><div class=\"fusion-column-wrapper fusion-flex-column-wrapper-legacy\"><div class=\"fusion-title title fusion-title-7 fusion-sep-none fusion-title-text fusion-title-size-one\"><h1 class=\"fusion-title-heading title-heading-left fusion-responsive-typography-calculated\" style=\"margin:0;--fontSize:34;line-height:1.4;\">Nuortenillat<\/h1><\/div><div class=\"fusion-text fusion-text-7\"><p>Nuorille j\u00e4rjestet\u00e4\u00e4n nuorteniltoja ry:ll\u00e4 ja nuorten iltakyli\u00e4 kodeissa kerran kuussa lauantaisin. N\u00e4m\u00e4 illat ovat p\u00e4\u00e4s\u00e4\u00e4nt\u00f6isesti tarkoitettu rippikoulun k\u00e4yneille ja sit\u00e4 vanhemmille nuorille. Nuortenilloista ja niiden ohjelmasta vastaavat perheet. Ry:ll\u00e4 pidett\u00e4viss\u00e4 nuortenilloissa on aina alustus muun ohjelman lis\u00e4ksi, mutta kodeissa pidett\u00e4viss\u00e4 iltakyliss\u00e4 koko ohjelma on vapaasti perheen p\u00e4\u00e4tett\u00e4viss\u00e4. Yhten\u00e4 toimintamuotona rippikoulun k\u00e4yneille ja sit\u00e4 vanhemmille on my\u00f6s NUPE eli nuorten perjantai, joka on alueellista toimintaa ja sit\u00e4 j\u00e4rjestet\u00e4\u00e4n Alaj\u00e4rven, Alavuden, Sein\u00e4joen ja Vaasan rauhanyhdistyksill\u00e4.<\/p>\n<\/div><div class=\"fusion-clearfix\"><\/div><\/div><\/div><div class=\"fusion-layout-column fusion_builder_column fusion-builder-column-7 fusion_builder_column_1_2 1_2 fusion-one-half fusion-column-last\" style=\"--awb-bg-size:cover;width:50%;width:calc(50% - ( ( 4% ) * 0.5 ) );\"><div class=\"fusion-column-wrapper fusion-flex-column-wrapper-legacy\"><div class=\"fusion-title title fusion-title-8 fusion-sep-none fusion-title-text fusion-title-size-one\"><h1 class=\"fusion-title-heading title-heading-left fusion-responsive-typography-calculated\" style=\"margin:0;--fontSize:34;line-height:1.4;\">Kaverikerho<\/h1><\/div><div class=\"fusion-text fusion-text-8\"><p>Kaverikerho on tarkoitettu 2\u20133 luokkalaisille ja se pidet\u00e4\u00e4n yhtaikaa raamattuluokan kanssa perjantaisin klo 19. Ajatuksena on, ett\u00e4 lapset tutustuisi-vat paremmin oman ik\u00e4isiin ja kaverisuhteita saataisiin helpommin solmittua. Kaverikerholaiset voisivat my\u00f6s j\u00e4\u00e4d\u00e4 rauhanyhdistykselle iltakyl\u00e4\u00e4n klo 20.30 saakka.<\/p>\n<\/div><div class=\"fusion-clearfix\"><\/div><\/div><\/div><\/div><\/div>\n","protected":false},"excerpt":{"rendered":"","protected":false},"author":1,"featured_media":0,"parent":0,"menu_order":0,"comment_status":"closed","ping_status":"closed","template":"","meta":{"footnotes":""},"class_list":["post-15","page","type-page","status-publish","hentry"],"_links":{"self":[{"href":"https:\/\/paivitys.rauhanyhdistys.fi\/seinajoki\/wp-json\/wp\/v2\/pages\/15","targetHints":{"allow":["GET"]}}],"collection":[{"href":"https:\/\/paivitys.rauhanyhdistys.fi\/seinajoki\/wp-json\/wp\/v2\/pages"}],"about":[{"href":"https:\/\/paivitys.rauhanyhdistys.fi\/seinajoki\/wp-json\/wp\/v2\/types\/page"}],"author":[{"embeddable":true,"href":"https:\/\/paivitys.rauhanyhdistys.fi\/seinajoki\/wp-json\/wp\/v2\/users\/1"}],"replies":[{"embeddable":true,"href":"https:\/\/paivitys.rauhanyhdistys.fi\/seinajoki\/wp-json\/wp\/v2\/comments?post=15"}],"version-history":[{"count":20,"href":"https:\/\/paivitys.rauhanyhdistys.fi\/seinajoki\/wp-json\/wp\/v2\/pages\/15\/revisions"}],"predecessor-version":[{"id":287,"href":"https:\/\/paivitys.rauhanyhdistys.fi\/seinajoki\/wp-json\/wp\/v2\/pages\/15\/revisions\/287"}],"wp:attachment":[{"href":"https:\/\/paivitys.rauhanyhdistys.fi\/seinajoki\/wp-json\/wp\/v2\/media?parent=15"}],"curies":[{"name":"wp","href":"https:\/\/api.w.org\/{rel}","templated":true}]}}