{"id":431,"date":"2025-01-09T23:50:29","date_gmt":"2025-01-09T21:50:29","guid":{"rendered":"https:\/\/paivitys.rauhanyhdistys.fi\/oulunsalo\/?page_id=431"},"modified":"2025-10-29T23:11:54","modified_gmt":"2025-10-29T21:11:54","slug":"kotahanke","status":"publish","type":"page","link":"https:\/\/paivitys.rauhanyhdistys.fi\/oulunsalo\/kotahanke\/","title":{"rendered":"Kotahanke"},"content":{"rendered":"<p><div class=\"fusion-fullwidth fullwidth-box fusion-builder-row-1 fusion-flex-container nonhundred-percent-fullwidth non-hundred-percent-height-scrolling\" style=\"--awb-border-radius-top-left:0px;--awb-border-radius-top-right:0px;--awb-border-radius-bottom-right:0px;--awb-border-radius-bottom-left:0px;--awb-flex-wrap:wrap;\" ><div class=\"fusion-builder-row fusion-row fusion-flex-align-items-flex-start fusion-flex-content-wrap\" style=\"max-width:1144px;margin-left: calc(-4% \/ 2 );margin-right: calc(-4% \/ 2 );\"><div class=\"fusion-layout-column fusion_builder_column fusion-builder-column-0 fusion_builder_column_1_1 1_1 fusion-flex-column\" style=\"--awb-bg-size:cover;--awb-width-large:100%;--awb-margin-top-large:0px;--awb-spacing-right-large:1.92%;--awb-margin-bottom-large:0px;--awb-spacing-left-large:1.92%;--awb-width-medium:100%;--awb-spacing-right-medium:1.92%;--awb-spacing-left-medium:1.92%;--awb-width-small:100%;--awb-spacing-right-small:1.92%;--awb-spacing-left-small:1.92%;\"><div class=\"fusion-column-wrapper fusion-flex-justify-content-flex-start fusion-content-layout-column\"><div class=\"fusion-text fusion-text-1\"><h1><span style=\"font-weight: 400;\">Kotahanke \u2013 Oulunsalon kirkonkyl\u00e4n rauhanyhdistys ry<\/span><\/h1>\n<div class=\"fusion-image-element fusion-image-align-right in-legacy-container\" style=\"text-align:right;--awb-max-width:300px;--awb-caption-title-font-family:var(--h2_typography-font-family);--awb-caption-title-font-weight:var(--h2_typography-font-weight);--awb-caption-title-font-style:var(--h2_typography-font-style);--awb-caption-title-size:var(--h2_typography-font-size);--awb-caption-title-transform:var(--h2_typography-text-transform);--awb-caption-title-line-height:var(--h2_typography-line-height);--awb-caption-title-letter-spacing:var(--h2_typography-letter-spacing);\"><span class=\" fusion-imageframe imageframe-none imageframe-1 hover-type-none\" style=\"margin-left:25px;float:right;\"><img decoding=\"async\" width=\"296\" height=\"300\" alt=\"Euroopan Unionin osarahoittama\" title=\"FI V Euroopan unionin osarahoittama_POS\" src=\"https:\/\/paivitys.rauhanyhdistys.fi\/oulunsalo\/wp-content\/uploads\/sites\/92\/2025\/01\/FI-V-Euroopan-unionin-osarahoittama_POS-296x300.png\" class=\"img-responsive wp-image-434\" srcset=\"https:\/\/paivitys.rauhanyhdistys.fi\/oulunsalo\/wp-content\/uploads\/sites\/92\/2025\/01\/FI-V-Euroopan-unionin-osarahoittama_POS-200x203.png 200w, https:\/\/paivitys.rauhanyhdistys.fi\/oulunsalo\/wp-content\/uploads\/sites\/92\/2025\/01\/FI-V-Euroopan-unionin-osarahoittama_POS-400x405.png 400w, https:\/\/paivitys.rauhanyhdistys.fi\/oulunsalo\/wp-content\/uploads\/sites\/92\/2025\/01\/FI-V-Euroopan-unionin-osarahoittama_POS-600x608.png 600w, https:\/\/paivitys.rauhanyhdistys.fi\/oulunsalo\/wp-content\/uploads\/sites\/92\/2025\/01\/FI-V-Euroopan-unionin-osarahoittama_POS-800x811.png 800w, https:\/\/paivitys.rauhanyhdistys.fi\/oulunsalo\/wp-content\/uploads\/sites\/92\/2025\/01\/FI-V-Euroopan-unionin-osarahoittama_POS.png 910w\" sizes=\"(max-width: 1024px) 100vw, (max-width: 640px) 100vw, 296px\" \/><\/span><\/div>\n<p><span style=\"font-weight: 400;\">Yhdistyksen j\u00e4senist\u00f6n piiriss\u00e4 on keskusteltu jo useamman vuoden aikana mahdollisuudesta rakentaa kota erilaisille tapahtumille. Ajatus oli hautunut ja kev\u00e4\u00e4ll\u00e4 2024 vuosikokouksessa esiteltiin ideoita, sen j\u00e4lkeen alettiin ty\u00f6st\u00e4m\u00e4\u00e4n suunnitelmia ja miettim\u00e4\u00e4n rahoitusta.\u00a0<\/span><\/p>\n<p><span style=\"font-weight: 400;\">Toukokuussa 2024 oltiin siin\u00e4 vaiheessa, ett\u00e4 voitiin j\u00e4tt\u00e4\u00e4 rakennuslupahakemus ja samaan aikaan olimme saaneet tiedon, ett\u00e4 hankkeelle voitaisiin saada tukea EU:lta.<\/span><\/p>\n<p><span style=\"font-weight: 400;\">Toukokuussa pidimme ylim\u00e4\u00e4r\u00e4isen kokouksen, jossa p\u00e4\u00e4timme kodan rakentamisesta. Olimme saaneet lainap\u00e4\u00e4t\u00f6ksen pankista, teimme rahoitushakemuksen, rakennuslupakin saatiin ja kes\u00e4kuussa ennen juhannusta Oulun Seudun Leader ry k\u00e4sitteli tukihakemuksen ja puolsi sen my\u00f6nt\u00e4mist\u00e4.<\/span><\/p>\n<p><span style=\"font-weight: 400;\">Lomien j\u00e4lkeen syyskuussa 2024 ELY-keskus teki my\u00f6nteisen tukip\u00e4\u00e4t\u00f6ksen.<\/span><\/p>\n<p><span style=\"font-weight: 400;\">Oulunsalossa on ollut tarvetta tilalle, jossa voi pit\u00e4\u00e4 koulutuksia, kokouksia ja vaikka perhejuhlia. Kota tulee palvelemaan yhdistyksen omissa kokoontumisissa, erityisesti lapsi- ja nuorisoty\u00f6n sek\u00e4 varttuneen ik\u00e4polven kokoontumisissa.\u00a0<\/span><\/p>\n<p><span style=\"font-weight: 400;\">Kotaa tullaan vuokraamaan k\u00e4ytt\u00f6kuluja vastaan j\u00e4senist\u00f6lle ja yhdistyksen ulkopuolisille yksityishenkil\u00f6ille, yrityksille ja yhdistyksille sek\u00e4 julkisille toimijoille, silloin kun se ei ole varattuna omaan k\u00e4ytt\u00f6\u00f6n. <\/span><\/p>\n<h2><span style=\"font-weight: 400;\">Rakentamisen vaiheita:<\/span><\/h2>\n<\/div><div class=\"fusion-tabs fusion-tabs-1 classic nav-is-justified horizontal-tabs icon-position-left mobile-mode-accordion\" style=\"--awb-title-border-radius-top-left:0px;--awb-title-border-radius-top-right:0px;--awb-title-border-radius-bottom-right:0px;--awb-title-border-radius-bottom-left:0px;--awb-alignment:start;--awb-inactive-color:#ebeaea;--awb-background-color:#ffffff;--awb-border-color:#ebeaea;--awb-active-border-color:#7496c3;\"><div class=\"nav\"><ul class=\"nav-tabs nav-justified\" role=\"tablist\"><li class=\"active\" role=\"presentation\"><a class=\"tab-link\" data-toggle=\"tab\" role=\"tab\" aria-controls=\"tab-6a500024d15528def91\" aria-selected=\"true\" id=\"fusion-tab-2024-aloitus\" href=\"#tab-6a500024d15528def91\"><h4 class=\"fusion-tab-heading\"><i class=\"fontawesome-icon fa-pencil-alt fas\" aria-hidden=\"true\" style=\"font-size:13px;\"><\/i>2024 - Aloitus<\/h4><\/a><\/li><li role=\"presentation\"><a class=\"tab-link\" data-toggle=\"tab\" role=\"tab\" aria-controls=\"tab-b0d3ccebae64914321a\" aria-selected=\"false\" tabindex=\"-1\" id=\"fusion-tab-2025-alkuvuosi,runkoty\u00f6t\" href=\"#tab-b0d3ccebae64914321a\"><h4 class=\"fusion-tab-heading\"><i class=\"fontawesome-icon fa-hammer fas\" aria-hidden=\"true\" style=\"font-size:13px;\"><\/i>2025 - Alkuvuosi, runkoty\u00f6t<\/h4><\/a><\/li><li role=\"presentation\"><a class=\"tab-link\" data-toggle=\"tab\" role=\"tab\" aria-controls=\"tab-470b3da38c8588ae666\" aria-selected=\"false\" tabindex=\"-1\" id=\"fusion-tab-2025-loppuvuosi,valmistuminen\" href=\"#tab-470b3da38c8588ae666\"><h4 class=\"fusion-tab-heading\"><i class=\"fontawesome-icon fa-campground fas\" aria-hidden=\"true\" style=\"font-size:13px;\"><\/i>2025 - Loppuvuosi, valmistuminen<\/h4><\/a><\/li><\/ul><\/div><div class=\"tab-content\"><div class=\"nav fusion-mobile-tab-nav\"><ul class=\"nav-tabs nav-justified\" role=\"tablist\"><li class=\"active\" role=\"presentation\"><a class=\"tab-link\" data-toggle=\"tab\" role=\"tab\" aria-controls=\"tab-6a500024d15528def91\" aria-selected=\"true\" id=\"mobile-fusion-tab-2024-aloitus\" href=\"#tab-6a500024d15528def91\"><h4 class=\"fusion-tab-heading\"><i class=\"fontawesome-icon fa-pencil-alt fas\" aria-hidden=\"true\" style=\"font-size:13px;\"><\/i>2024 - Aloitus<\/h4><\/a><\/li><\/ul><\/div><div class=\"tab-pane fade fusion-clearfix in active\" role=\"tabpanel\" tabindex=\"0\" aria-labelledby=\"fusion-tab-2024-aloitus\" id=\"tab-6a500024d15528def91\">\n<h3><strong>Rakentamisen aloituskokous ja paikan merkkaus pidettiin 20.9.2024<\/strong><\/h3>\n<div class=\"fusion-image-element in-legacy-container\" style=\"--awb-caption-title-font-family:var(--h2_typography-font-family);--awb-caption-title-font-weight:var(--h2_typography-font-weight);--awb-caption-title-font-style:var(--h2_typography-font-style);--awb-caption-title-size:var(--h2_typography-font-size);--awb-caption-title-transform:var(--h2_typography-text-transform);--awb-caption-title-line-height:var(--h2_typography-line-height);--awb-caption-title-letter-spacing:var(--h2_typography-letter-spacing);\"><span class=\" fusion-imageframe imageframe-none imageframe-2 hover-type-none\"><img decoding=\"async\" width=\"1024\" height=\"365\" alt=\"Kotapaikan merkkaus\" title=\"Kodan paikan merkkaus\" src=\"https:\/\/paivitys.rauhanyhdistys.fi\/oulunsalo\/wp-content\/uploads\/sites\/92\/2025\/01\/IMG-20241211-WA0048_merkkaus-1024x365.jpg\" class=\"img-responsive wp-image-443\" srcset=\"https:\/\/paivitys.rauhanyhdistys.fi\/oulunsalo\/wp-content\/uploads\/sites\/92\/2025\/01\/IMG-20241211-WA0048_merkkaus-200x71.jpg 200w, https:\/\/paivitys.rauhanyhdistys.fi\/oulunsalo\/wp-content\/uploads\/sites\/92\/2025\/01\/IMG-20241211-WA0048_merkkaus-400x143.jpg 400w, https:\/\/paivitys.rauhanyhdistys.fi\/oulunsalo\/wp-content\/uploads\/sites\/92\/2025\/01\/IMG-20241211-WA0048_merkkaus-600x214.jpg 600w, https:\/\/paivitys.rauhanyhdistys.fi\/oulunsalo\/wp-content\/uploads\/sites\/92\/2025\/01\/IMG-20241211-WA0048_merkkaus-800x285.jpg 800w, https:\/\/paivitys.rauhanyhdistys.fi\/oulunsalo\/wp-content\/uploads\/sites\/92\/2025\/01\/IMG-20241211-WA0048_merkkaus-1200x428.jpg 1200w, https:\/\/paivitys.rauhanyhdistys.fi\/oulunsalo\/wp-content\/uploads\/sites\/92\/2025\/01\/IMG-20241211-WA0048_merkkaus.jpg 1988w\" sizes=\"(max-width: 1024px) 100vw, (max-width: 640px) 100vw, 1200px\" \/><\/span><\/div>\n<h3><strong>Pohjaty\u00f6t tehtiin 16.-19. lokakuuta<\/strong><\/h3>\n\t\t\t\t\t<div class=\"fusion-slider-container fusion-slider-sc-kotahanke-pohjatyot fusion-slider-11 full-width-slider\" style=\"margin-bottom:30px;height:580px; max-width:100%;\" data-id=\"11\" data-full_height=\"\">\n\t\t\t\t\t\t<style type=\"text\/css\">.fusion-slider-11 .flex-direction-nav a {width:63px;height:63px;line-height:63px;font-size:25px;}<\/style>\t\t\t\t\t\t<div class=\"fusion-slider-loading\">Loading...<\/div>\n\t\t\t\t\t\t<div class=\"tfs-slider flexslider main-flex full-width-slider\" data-slider_width=\"100%\" data-slider_height=\"580px\" data-full_screen=\"0\" data-parallax=\"0\" data-nav_arrows=\"1\" data-nav_box_width=\"63px\" data-nav_box_height=\"63px\" data-nav_arrow_size=\"25px\" data-autoplay=\"1\" data-loop=\"1\" data-orderby=\"date\" data-order=\"DESC\" data-animation=\"fade\" data-slideshow_speed=\"10000\" data-animation_speed=\"1000\" data-typo_sensitivity=\"1\" data-typo_factor=\"1.5\" style=\"max-width:100%;\">\n\t\t\t\t\t\t\t<ul class=\"slides\">\n\t\t\t\t\t\t\t\t\t\t\t\t\t\t\t\t\t<li data-mute=\"yes\" data-loop=\"yes\" data-autoplay=\"yes\">\n\t\t\t\t\t\t\t\t\t\t<div class=\"slide-content-container slide-content-left\" style=\"display: none;\">\n\t\t\t\t\t\t\t\t\t\t\t<div class=\"slide-content\" style=\"\">\n\t\t\t\t\t\t\t\t\t\t\t\t\t\t\t\t\t\t\t\t\t\t\t\t\t\t\t\t\t\t\t\t\t\t\t\t\t\t\t\t\t\t\t\t\t\t\t\t\t<div class=\"buttons\" >\n\t\t\t\t\t\t\t\t\t\t\t\t\t\t\t\t\t\t\t\t\t\t\t\t\t\t\t\t\t\t\t\t\t\t\t\t\t\t\t\t\t<\/div>\n\t\t\t\t\t\t\t\t\t\t\t\t\t\t\t\t\t\t\t\t\t\t\t<\/div>\n\t\t\t\t\t\t\t\t\t\t<\/div>\n\t\t\t\t\t\t\t\t\t\t\t\t\t\t\t\t\t\t\t\t\t\t\t\t\t\t\t\t\t\t\t\t\t\t\t\t\t\t\t\t<div class=\"background background-image\" style=\"background-image: url(https:\/\/paivitys.rauhanyhdistys.fi\/oulunsalo\/wp-content\/uploads\/sites\/92\/2025\/01\/IMG-20241211-WA0047_pohjatyot.jpg);max-width:100%;height:580px;filter: progid:DXImageTransform.Microsoft.AlphaImageLoader(src='https:\/\/paivitys.rauhanyhdistys.fi\/oulunsalo\/wp-content\/uploads\/sites\/92\/2025\/01\/IMG-20241211-WA0047_pohjatyot.jpg', sizingMethod='scale');\" data-imgwidth=\"2000\">\n\t\t\t\t\t\t\t\t\t\t\t\t\t\t\t\t\t\t\t\t\t\t\t\t\t\t\t\t\t\t\t\t\t\t\t\t\t\t\t\t\t\t\t\t\t\t\t\t\t\t\t\t\t\t\t\t\t\t\t\t\t\t\t\t\t\t<\/div>\n\t\t\t\t\t\t\t\t\t<\/li>\n\t\t\t\t\t\t\t\t\t\t\t\t\t\t\t\t\t<li data-mute=\"yes\" data-loop=\"yes\" data-autoplay=\"yes\">\n\t\t\t\t\t\t\t\t\t\t<div class=\"slide-content-container slide-content-left\" style=\"display: none;\">\n\t\t\t\t\t\t\t\t\t\t\t<div class=\"slide-content\" style=\"\">\n\t\t\t\t\t\t\t\t\t\t\t\t\t\t\t\t\t\t\t\t\t\t\t\t\t\t\t\t\t\t\t\t\t\t\t\t\t\t\t\t\t\t\t\t\t\t\t\t\t<div class=\"buttons\" >\n\t\t\t\t\t\t\t\t\t\t\t\t\t\t\t\t\t\t\t\t\t\t\t\t\t\t\t\t\t\t\t\t\t\t\t\t\t\t\t\t\t<\/div>\n\t\t\t\t\t\t\t\t\t\t\t\t\t\t\t\t\t\t\t\t\t\t\t<\/div>\n\t\t\t\t\t\t\t\t\t\t<\/div>\n\t\t\t\t\t\t\t\t\t\t\t\t\t\t\t\t\t\t\t\t\t\t\t\t\t\t\t\t\t\t\t\t\t\t\t\t\t\t\t\t<div class=\"background background-image\" style=\"background-image: url(https:\/\/paivitys.rauhanyhdistys.fi\/oulunsalo\/wp-content\/uploads\/sites\/92\/2025\/01\/IMG-20241211-WA0045_pohjatyot.jpg);max-width:100%;height:580px;filter: progid:DXImageTransform.Microsoft.AlphaImageLoader(src='https:\/\/paivitys.rauhanyhdistys.fi\/oulunsalo\/wp-content\/uploads\/sites\/92\/2025\/01\/IMG-20241211-WA0045_pohjatyot.jpg', sizingMethod='scale');\" data-imgwidth=\"924\">\n\t\t\t\t\t\t\t\t\t\t\t\t\t\t\t\t\t\t\t\t\t\t\t\t\t\t\t\t\t\t\t\t\t\t\t\t\t\t\t\t\t\t\t\t\t\t\t\t\t\t\t\t\t\t\t\t\t\t\t\t\t\t\t\t\t\t<\/div>\n\t\t\t\t\t\t\t\t\t<\/li>\n\t\t\t\t\t\t\t\t\t\t\t\t\t\t\t\t\t<li data-mute=\"yes\" data-loop=\"yes\" data-autoplay=\"yes\">\n\t\t\t\t\t\t\t\t\t\t<div class=\"slide-content-container slide-content-left\" style=\"display: none;\">\n\t\t\t\t\t\t\t\t\t\t\t<div class=\"slide-content\" style=\"\">\n\t\t\t\t\t\t\t\t\t\t\t\t\t\t\t\t\t\t\t\t\t\t\t\t\t\t\t\t\t\t\t\t\t\t\t\t\t\t\t\t\t\t\t\t\t\t\t\t\t<div class=\"buttons\" >\n\t\t\t\t\t\t\t\t\t\t\t\t\t\t\t\t\t\t\t\t\t\t\t\t\t\t\t\t\t\t\t\t\t\t\t\t\t\t\t\t\t<\/div>\n\t\t\t\t\t\t\t\t\t\t\t\t\t\t\t\t\t\t\t\t\t\t\t<\/div>\n\t\t\t\t\t\t\t\t\t\t<\/div>\n\t\t\t\t\t\t\t\t\t\t\t\t\t\t\t\t\t\t\t\t\t\t\t\t\t\t\t\t\t\t\t\t\t\t\t\t\t\t\t\t<div class=\"background background-image\" style=\"background-image: url(https:\/\/paivitys.rauhanyhdistys.fi\/oulunsalo\/wp-content\/uploads\/sites\/92\/2025\/01\/IMG-20241211-WA0044_pohjatyot.jpg);max-width:100%;height:580px;filter: progid:DXImageTransform.Microsoft.AlphaImageLoader(src='https:\/\/paivitys.rauhanyhdistys.fi\/oulunsalo\/wp-content\/uploads\/sites\/92\/2025\/01\/IMG-20241211-WA0044_pohjatyot.jpg', sizingMethod='scale');\" data-imgwidth=\"2000\">\n\t\t\t\t\t\t\t\t\t\t\t\t\t\t\t\t\t\t\t\t\t\t\t\t\t\t\t\t\t\t\t\t\t\t\t\t\t\t\t\t\t\t\t\t\t\t\t\t\t\t\t\t\t\t\t\t\t\t\t\t\t\t\t\t\t\t<\/div>\n\t\t\t\t\t\t\t\t\t<\/li>\n\t\t\t\t\t\t\t\t\t\t\t\t\t\t\t\t\t<li data-mute=\"yes\" data-loop=\"yes\" data-autoplay=\"yes\">\n\t\t\t\t\t\t\t\t\t\t<div class=\"slide-content-container slide-content-left\" style=\"display: none;\">\n\t\t\t\t\t\t\t\t\t\t\t<div class=\"slide-content\" style=\"\">\n\t\t\t\t\t\t\t\t\t\t\t\t\t\t\t\t\t\t\t\t\t\t\t\t\t\t\t\t\t\t\t\t\t\t\t\t\t\t\t\t\t\t\t\t\t\t\t\t\t<div class=\"buttons\" >\n\t\t\t\t\t\t\t\t\t\t\t\t\t\t\t\t\t\t\t\t\t\t\t\t\t\t\t\t\t\t\t\t\t\t\t\t\t\t\t\t\t<\/div>\n\t\t\t\t\t\t\t\t\t\t\t\t\t\t\t\t\t\t\t\t\t\t\t<\/div>\n\t\t\t\t\t\t\t\t\t\t<\/div>\n\t\t\t\t\t\t\t\t\t\t\t\t\t\t\t\t\t\t\t\t\t\t\t\t\t\t\t\t\t\t\t\t\t\t\t\t\t\t\t\t<div class=\"background background-image\" style=\"background-image: url(https:\/\/paivitys.rauhanyhdistys.fi\/oulunsalo\/wp-content\/uploads\/sites\/92\/2025\/01\/IMG-20241211-WA0041_pohjatyot.jpg);max-width:100%;height:580px;filter: progid:DXImageTransform.Microsoft.AlphaImageLoader(src='https:\/\/paivitys.rauhanyhdistys.fi\/oulunsalo\/wp-content\/uploads\/sites\/92\/2025\/01\/IMG-20241211-WA0041_pohjatyot.jpg', sizingMethod='scale');\" data-imgwidth=\"2000\">\n\t\t\t\t\t\t\t\t\t\t\t\t\t\t\t\t\t\t\t\t\t\t\t\t\t\t\t\t\t\t\t\t\t\t\t\t\t\t\t\t\t\t\t\t\t\t\t\t\t\t\t\t\t\t\t\t\t\t\t\t\t\t\t\t\t\t<\/div>\n\t\t\t\t\t\t\t\t\t<\/li>\n\t\t\t\t\t\t\t\t\t\t\t\t\t\t\t\t\t<li data-mute=\"yes\" data-loop=\"yes\" data-autoplay=\"yes\">\n\t\t\t\t\t\t\t\t\t\t<div class=\"slide-content-container slide-content-left\" style=\"display: none;\">\n\t\t\t\t\t\t\t\t\t\t\t<div class=\"slide-content\" style=\"\">\n\t\t\t\t\t\t\t\t\t\t\t\t\t\t\t\t\t\t\t\t\t\t\t\t\t\t\t\t\t\t\t\t\t\t\t\t\t\t\t\t\t\t\t\t\t\t\t\t\t<div class=\"buttons\" >\n\t\t\t\t\t\t\t\t\t\t\t\t\t\t\t\t\t\t\t\t\t\t\t\t\t\t\t\t\t\t\t\t\t\t\t\t\t\t\t\t\t<\/div>\n\t\t\t\t\t\t\t\t\t\t\t\t\t\t\t\t\t\t\t\t\t\t\t<\/div>\n\t\t\t\t\t\t\t\t\t\t<\/div>\n\t\t\t\t\t\t\t\t\t\t\t\t\t\t\t\t\t\t\t\t\t\t\t\t\t\t\t\t\t\t\t\t\t\t\t\t\t\t\t\t<div class=\"background background-image\" style=\"background-image: url(https:\/\/paivitys.rauhanyhdistys.fi\/oulunsalo\/wp-content\/uploads\/sites\/92\/2025\/01\/IMG-20241211-WA0023_pohjatyot.jpg);max-width:100%;height:580px;filter: progid:DXImageTransform.Microsoft.AlphaImageLoader(src='https:\/\/paivitys.rauhanyhdistys.fi\/oulunsalo\/wp-content\/uploads\/sites\/92\/2025\/01\/IMG-20241211-WA0023_pohjatyot.jpg', sizingMethod='scale');\" data-imgwidth=\"1600\">\n\t\t\t\t\t\t\t\t\t\t\t\t\t\t\t\t\t\t\t\t\t\t\t\t\t\t\t\t\t\t\t\t\t\t\t\t\t\t\t\t\t\t\t\t\t\t\t\t\t\t\t\t\t\t\t\t\t\t\t\t\t\t\t\t\t\t<\/div>\n\t\t\t\t\t\t\t\t\t<\/li>\n\t\t\t\t\t\t\t\t\t\t\t\t\t\t\t\t\t<li data-mute=\"yes\" data-loop=\"yes\" data-autoplay=\"yes\">\n\t\t\t\t\t\t\t\t\t\t<div class=\"slide-content-container slide-content-left\" style=\"display: none;\">\n\t\t\t\t\t\t\t\t\t\t\t<div class=\"slide-content\" style=\"\">\n\t\t\t\t\t\t\t\t\t\t\t\t\t\t\t\t\t\t\t\t\t\t\t\t\t\t\t\t\t\t\t\t\t\t\t\t\t\t\t\t\t\t\t\t\t\t\t\t\t<div class=\"buttons\" >\n\t\t\t\t\t\t\t\t\t\t\t\t\t\t\t\t\t\t\t\t\t\t\t\t\t\t\t\t\t\t\t\t\t\t\t\t\t\t\t\t\t<\/div>\n\t\t\t\t\t\t\t\t\t\t\t\t\t\t\t\t\t\t\t\t\t\t\t<\/div>\n\t\t\t\t\t\t\t\t\t\t<\/div>\n\t\t\t\t\t\t\t\t\t\t\t\t\t\t\t\t\t\t\t\t\t\t\t\t\t\t\t\t\t\t\t\t\t\t\t\t\t\t\t\t<div class=\"background background-image\" style=\"background-image: url(https:\/\/paivitys.rauhanyhdistys.fi\/oulunsalo\/wp-content\/uploads\/sites\/92\/2025\/01\/IMG-20241211-WA0025_pohjatyot.jpg);max-width:100%;height:580px;filter: progid:DXImageTransform.Microsoft.AlphaImageLoader(src='https:\/\/paivitys.rauhanyhdistys.fi\/oulunsalo\/wp-content\/uploads\/sites\/92\/2025\/01\/IMG-20241211-WA0025_pohjatyot.jpg', sizingMethod='scale');\" data-imgwidth=\"1600\">\n\t\t\t\t\t\t\t\t\t\t\t\t\t\t\t\t\t\t\t\t\t\t\t\t\t\t\t\t\t\t\t\t\t\t\t\t\t\t\t\t\t\t\t\t\t\t\t\t\t\t\t\t\t\t\t\t\t\t\t\t\t\t\t\t\t\t<\/div>\n\t\t\t\t\t\t\t\t\t<\/li>\n\t\t\t\t\t\t\t\t\t\t\t\t\t\t\t\t\t<li data-mute=\"yes\" data-loop=\"yes\" data-autoplay=\"yes\">\n\t\t\t\t\t\t\t\t\t\t<div class=\"slide-content-container slide-content-left\" style=\"display: none;\">\n\t\t\t\t\t\t\t\t\t\t\t<div class=\"slide-content\" style=\"\">\n\t\t\t\t\t\t\t\t\t\t\t\t\t\t\t\t\t\t\t\t\t\t\t\t\t\t\t\t\t\t\t\t\t\t\t\t\t\t\t\t\t\t\t\t\t\t\t\t\t<div class=\"buttons\" >\n\t\t\t\t\t\t\t\t\t\t\t\t\t\t\t\t\t\t\t\t\t\t\t\t\t\t\t\t\t\t\t\t\t\t\t\t\t\t\t\t\t<\/div>\n\t\t\t\t\t\t\t\t\t\t\t\t\t\t\t\t\t\t\t\t\t\t\t<\/div>\n\t\t\t\t\t\t\t\t\t\t<\/div>\n\t\t\t\t\t\t\t\t\t\t\t\t\t\t\t\t\t\t\t\t\t\t\t\t\t\t\t\t\t\t\t\t\t\t\t\t\t\t\t\t<div class=\"background background-image\" style=\"background-image: url(https:\/\/paivitys.rauhanyhdistys.fi\/oulunsalo\/wp-content\/uploads\/sites\/92\/2025\/01\/IMG-20241211-WA0034_pohjatyot.jpg);max-width:100%;height:580px;filter: progid:DXImageTransform.Microsoft.AlphaImageLoader(src='https:\/\/paivitys.rauhanyhdistys.fi\/oulunsalo\/wp-content\/uploads\/sites\/92\/2025\/01\/IMG-20241211-WA0034_pohjatyot.jpg', sizingMethod='scale');\" data-imgwidth=\"2000\">\n\t\t\t\t\t\t\t\t\t\t\t\t\t\t\t\t\t\t\t\t\t\t\t\t\t\t\t\t\t\t\t\t\t\t\t\t\t\t\t\t\t\t\t\t\t\t\t\t\t\t\t\t\t\t\t\t\t\t\t\t\t\t\t\t\t\t<\/div>\n\t\t\t\t\t\t\t\t\t<\/li>\n\t\t\t\t\t\t\t\t\t\t\t\t\t\t\t\t\t<li data-mute=\"yes\" data-loop=\"yes\" data-autoplay=\"yes\">\n\t\t\t\t\t\t\t\t\t\t<div class=\"slide-content-container slide-content-left\" style=\"display: none;\">\n\t\t\t\t\t\t\t\t\t\t\t<div class=\"slide-content\" style=\"\">\n\t\t\t\t\t\t\t\t\t\t\t\t\t\t\t\t\t\t\t\t\t\t\t\t\t\t\t\t\t\t\t\t\t\t\t\t\t\t\t\t\t\t\t\t\t\t\t\t\t<div class=\"buttons\" >\n\t\t\t\t\t\t\t\t\t\t\t\t\t\t\t\t\t\t\t\t\t\t\t\t\t\t\t\t\t\t\t\t\t\t\t\t\t\t\t\t\t<\/div>\n\t\t\t\t\t\t\t\t\t\t\t\t\t\t\t\t\t\t\t\t\t\t\t<\/div>\n\t\t\t\t\t\t\t\t\t\t<\/div>\n\t\t\t\t\t\t\t\t\t\t\t\t\t\t\t\t\t\t\t\t\t\t\t\t\t\t\t\t\t\t\t\t\t\t\t\t\t\t\t\t<div class=\"background background-image\" style=\"background-image: url(https:\/\/paivitys.rauhanyhdistys.fi\/oulunsalo\/wp-content\/uploads\/sites\/92\/2025\/01\/IMG-20241211-WA0038_pohjatyot.jpg);max-width:100%;height:580px;filter: progid:DXImageTransform.Microsoft.AlphaImageLoader(src='https:\/\/paivitys.rauhanyhdistys.fi\/oulunsalo\/wp-content\/uploads\/sites\/92\/2025\/01\/IMG-20241211-WA0038_pohjatyot.jpg', sizingMethod='scale');\" data-imgwidth=\"1500\">\n\t\t\t\t\t\t\t\t\t\t\t\t\t\t\t\t\t\t\t\t\t\t\t\t\t\t\t\t\t\t\t\t\t\t\t\t\t\t\t\t\t\t\t\t\t\t\t\t\t\t\t\t\t\t\t\t\t\t\t\t\t\t\t\t\t\t<\/div>\n\t\t\t\t\t\t\t\t\t<\/li>\n\t\t\t\t\t\t\t\t\t\t\t\t\t\t\t\t\t<li data-mute=\"yes\" data-loop=\"yes\" data-autoplay=\"yes\">\n\t\t\t\t\t\t\t\t\t\t<div class=\"slide-content-container slide-content-left\" style=\"display: none;\">\n\t\t\t\t\t\t\t\t\t\t\t<div class=\"slide-content\" style=\"\">\n\t\t\t\t\t\t\t\t\t\t\t\t\t\t\t\t\t\t\t\t\t\t\t\t\t\t\t\t\t\t\t\t\t\t\t\t\t\t\t\t\t\t\t\t\t\t\t\t\t<div class=\"buttons\" >\n\t\t\t\t\t\t\t\t\t\t\t\t\t\t\t\t\t\t\t\t\t\t\t\t\t\t\t\t\t\t\t\t\t\t\t\t\t\t\t\t\t<\/div>\n\t\t\t\t\t\t\t\t\t\t\t\t\t\t\t\t\t\t\t\t\t\t\t<\/div>\n\t\t\t\t\t\t\t\t\t\t<\/div>\n\t\t\t\t\t\t\t\t\t\t\t\t\t\t\t\t\t\t\t\t\t\t\t\t\t\t\t\t\t\t\t\t\t\t\t\t\t\t\t\t<div class=\"background background-image\" style=\"background-image: url(https:\/\/paivitys.rauhanyhdistys.fi\/oulunsalo\/wp-content\/uploads\/sites\/92\/2025\/01\/IMG-20241211-WA0015_pohjatyot.jpg);max-width:100%;height:580px;filter: progid:DXImageTransform.Microsoft.AlphaImageLoader(src='https:\/\/paivitys.rauhanyhdistys.fi\/oulunsalo\/wp-content\/uploads\/sites\/92\/2025\/01\/IMG-20241211-WA0015_pohjatyot.jpg', sizingMethod='scale');\" data-imgwidth=\"1200\">\n\t\t\t\t\t\t\t\t\t\t\t\t\t\t\t\t\t\t\t\t\t\t\t\t\t\t\t\t\t\t\t\t\t\t\t\t\t\t\t\t\t\t\t\t\t\t\t\t\t\t\t\t\t\t\t\t\t\t\t\t\t\t\t\t\t\t<\/div>\n\t\t\t\t\t\t\t\t\t<\/li>\n\t\t\t\t\t\t\t\t\t\t\t\t\t\t\t\t\t\t\t\t\t\t\t<\/ul>\n\t\t\t\t\t\t<\/div>\n\t\t\t\t\t<\/div>\n\t\t\t\t\t\t\t\t\n<h3><strong>Perustus<\/strong><\/h3>\n<p><span style=\"font-weight: 400;\">Perustukset, sis\u00e4lle tulevat ilmanvaihtokanavat ja eristykset sek\u00e4 hiekkat\u00e4ytt\u00f6 asennettiin marraskuun alkup\u00e4ivin\u00e4. Perustus peiteltiin juuri ennen ensimm\u00e4isten lumien satamista odottamaan kev\u00e4tt\u00e4.<\/span><\/p>\n\t\t\t\t\t<div class=\"fusion-slider-container fusion-slider-sc-kotahanke-perustustyot fusion-slider-12 full-width-slider\" style=\"margin-bottom:30px;height:580px; max-width:100%;\" data-id=\"12\" data-full_height=\"\">\n\t\t\t\t\t\t<style type=\"text\/css\">.fusion-slider-12 .flex-direction-nav a {width:63px;height:63px;line-height:63px;font-size:25px;}<\/style>\t\t\t\t\t\t<div class=\"fusion-slider-loading\">Loading...<\/div>\n\t\t\t\t\t\t<div class=\"tfs-slider flexslider main-flex full-width-slider\" data-slider_width=\"100%\" data-slider_height=\"580px\" data-full_screen=\"0\" data-parallax=\"0\" data-nav_arrows=\"1\" data-nav_box_width=\"63px\" data-nav_box_height=\"63px\" data-nav_arrow_size=\"25px\" data-autoplay=\"1\" data-loop=\"1\" data-orderby=\"date\" data-order=\"ASC\" data-animation=\"fade\" data-slideshow_speed=\"10000\" data-animation_speed=\"1000\" data-typo_sensitivity=\"1\" data-typo_factor=\"1.5\" data-slider_content_width=\"1000px\" style=\"max-width:100%;\">\n\t\t\t\t\t\t\t<ul class=\"slides\">\n\t\t\t\t\t\t\t\t\t\t\t\t\t\t\t\t\t<li data-mute=\"yes\" data-loop=\"yes\" data-autoplay=\"yes\">\n\t\t\t\t\t\t\t\t\t\t<div class=\"slide-content-container slide-content-left\" style=\"display: none;\">\n\t\t\t\t\t\t\t\t\t\t\t<div class=\"slide-content\" style=\"max-width:1000px\">\n\t\t\t\t\t\t\t\t\t\t\t\t\t\t\t\t\t\t\t\t\t\t\t\t\t\t\t\t\t\t\t\t\t\t\t\t\t\t\t\t\t\t\t\t\t\t\t\t\t<div class=\"buttons\" >\n\t\t\t\t\t\t\t\t\t\t\t\t\t\t\t\t\t\t\t\t\t\t\t\t\t\t\t\t\t\t\t\t\t\t\t\t\t\t\t\t\t<\/div>\n\t\t\t\t\t\t\t\t\t\t\t\t\t\t\t\t\t\t\t\t\t\t\t<\/div>\n\t\t\t\t\t\t\t\t\t\t<\/div>\n\t\t\t\t\t\t\t\t\t\t\t\t\t\t\t\t\t\t\t\t\t\t\t\t\t\t\t\t\t\t\t\t\t\t\t\t\t\t\t\t<div class=\"background background-image\" style=\"background-image: url(https:\/\/paivitys.rauhanyhdistys.fi\/oulunsalo\/wp-content\/uploads\/sites\/92\/2025\/01\/IMG-20241211-WA0033_perustukset.jpg);max-width:100%;height:580px;filter: progid:DXImageTransform.Microsoft.AlphaImageLoader(src='https:\/\/paivitys.rauhanyhdistys.fi\/oulunsalo\/wp-content\/uploads\/sites\/92\/2025\/01\/IMG-20241211-WA0033_perustukset.jpg', sizingMethod='scale');\" data-imgwidth=\"1200\">\n\t\t\t\t\t\t\t\t\t\t\t\t\t\t\t\t\t\t\t\t\t\t\t\t\t\t\t\t\t\t\t\t\t\t\t\t\t\t\t\t\t\t\t\t\t\t\t\t\t\t\t\t\t\t\t\t\t\t\t\t\t\t\t\t\t\t<\/div>\n\t\t\t\t\t\t\t\t\t<\/li>\n\t\t\t\t\t\t\t\t\t\t\t\t\t\t\t\t\t<li data-mute=\"yes\" data-loop=\"yes\" data-autoplay=\"yes\">\n\t\t\t\t\t\t\t\t\t\t<div class=\"slide-content-container slide-content-left\" style=\"display: none;\">\n\t\t\t\t\t\t\t\t\t\t\t<div class=\"slide-content\" style=\"max-width:1000px\">\n\t\t\t\t\t\t\t\t\t\t\t\t\t\t\t\t\t\t\t\t\t\t\t\t\t\t\t\t\t\t\t\t\t\t\t\t\t\t\t\t\t\t\t\t\t\t\t\t\t<div class=\"buttons\" >\n\t\t\t\t\t\t\t\t\t\t\t\t\t\t\t\t\t\t\t\t\t\t\t\t\t\t\t\t\t\t\t\t\t\t\t\t\t\t\t\t\t<\/div>\n\t\t\t\t\t\t\t\t\t\t\t\t\t\t\t\t\t\t\t\t\t\t\t<\/div>\n\t\t\t\t\t\t\t\t\t\t<\/div>\n\t\t\t\t\t\t\t\t\t\t\t\t\t\t\t\t\t\t\t\t\t\t\t\t\t\t\t\t\t\t\t\t\t\t\t\t\t\t\t\t<div class=\"background background-image\" style=\"background-image: url(https:\/\/paivitys.rauhanyhdistys.fi\/oulunsalo\/wp-content\/uploads\/sites\/92\/2025\/01\/IMG-20241211-WA0036_perustukset.jpg);max-width:100%;height:580px;filter: progid:DXImageTransform.Microsoft.AlphaImageLoader(src='https:\/\/paivitys.rauhanyhdistys.fi\/oulunsalo\/wp-content\/uploads\/sites\/92\/2025\/01\/IMG-20241211-WA0036_perustukset.jpg', sizingMethod='scale');\" data-imgwidth=\"1500\">\n\t\t\t\t\t\t\t\t\t\t\t\t\t\t\t\t\t\t\t\t\t\t\t\t\t\t\t\t\t\t\t\t\t\t\t\t\t\t\t\t\t\t\t\t\t\t\t\t\t\t\t\t\t\t\t\t\t\t\t\t\t\t\t\t\t\t<\/div>\n\t\t\t\t\t\t\t\t\t<\/li>\n\t\t\t\t\t\t\t\t\t\t\t\t\t\t\t\t\t<li data-mute=\"yes\" data-loop=\"yes\" data-autoplay=\"yes\">\n\t\t\t\t\t\t\t\t\t\t<div class=\"slide-content-container slide-content-left\" style=\"display: none;\">\n\t\t\t\t\t\t\t\t\t\t\t<div class=\"slide-content\" style=\"max-width:1000px\">\n\t\t\t\t\t\t\t\t\t\t\t\t\t\t\t\t\t\t\t\t\t\t\t\t\t\t\t\t\t\t\t\t\t\t\t\t\t\t\t\t\t\t\t\t\t\t\t\t\t<div class=\"buttons\" >\n\t\t\t\t\t\t\t\t\t\t\t\t\t\t\t\t\t\t\t\t\t\t\t\t\t\t\t\t\t\t\t\t\t\t\t\t\t\t\t\t\t<\/div>\n\t\t\t\t\t\t\t\t\t\t\t\t\t\t\t\t\t\t\t\t\t\t\t<\/div>\n\t\t\t\t\t\t\t\t\t\t<\/div>\n\t\t\t\t\t\t\t\t\t\t\t\t\t\t\t\t\t\t\t\t\t\t\t\t\t\t\t\t\t\t\t\t\t\t\t\t\t\t\t\t<div class=\"background background-image\" style=\"background-image: url(https:\/\/paivitys.rauhanyhdistys.fi\/oulunsalo\/wp-content\/uploads\/sites\/92\/2025\/01\/IMG-20241211-WA0037_perustukset.jpg);max-width:100%;height:580px;filter: progid:DXImageTransform.Microsoft.AlphaImageLoader(src='https:\/\/paivitys.rauhanyhdistys.fi\/oulunsalo\/wp-content\/uploads\/sites\/92\/2025\/01\/IMG-20241211-WA0037_perustukset.jpg', sizingMethod='scale');\" data-imgwidth=\"1536\">\n\t\t\t\t\t\t\t\t\t\t\t\t\t\t\t\t\t\t\t\t\t\t\t\t\t\t\t\t\t\t\t\t\t\t\t\t\t\t\t\t\t\t\t\t\t\t\t\t\t\t\t\t\t\t\t\t\t\t\t\t\t\t\t\t\t\t<\/div>\n\t\t\t\t\t\t\t\t\t<\/li>\n\t\t\t\t\t\t\t\t\t\t\t\t\t\t\t\t\t<li data-mute=\"yes\" data-loop=\"yes\" data-autoplay=\"yes\">\n\t\t\t\t\t\t\t\t\t\t<div class=\"slide-content-container slide-content-left\" style=\"display: none;\">\n\t\t\t\t\t\t\t\t\t\t\t<div class=\"slide-content\" style=\"max-width:1000px\">\n\t\t\t\t\t\t\t\t\t\t\t\t\t\t\t\t\t\t\t\t\t\t\t\t\t\t\t\t\t\t\t\t\t\t\t\t\t\t\t\t\t\t\t\t\t\t\t\t\t<div class=\"buttons\" >\n\t\t\t\t\t\t\t\t\t\t\t\t\t\t\t\t\t\t\t\t\t\t\t\t\t\t\t\t\t\t\t\t\t\t\t\t\t\t\t\t\t<\/div>\n\t\t\t\t\t\t\t\t\t\t\t\t\t\t\t\t\t\t\t\t\t\t\t<\/div>\n\t\t\t\t\t\t\t\t\t\t<\/div>\n\t\t\t\t\t\t\t\t\t\t\t\t\t\t\t\t\t\t\t\t\t\t\t\t\t\t\t\t\t\t\t\t\t\t\t\t\t\t\t\t<div class=\"background background-image\" style=\"background-image: url(https:\/\/paivitys.rauhanyhdistys.fi\/oulunsalo\/wp-content\/uploads\/sites\/92\/2025\/01\/IMG-20241211-WA0029_perustukset.jpg);max-width:100%;height:580px;filter: progid:DXImageTransform.Microsoft.AlphaImageLoader(src='https:\/\/paivitys.rauhanyhdistys.fi\/oulunsalo\/wp-content\/uploads\/sites\/92\/2025\/01\/IMG-20241211-WA0029_perustukset.jpg', sizingMethod='scale');\" data-imgwidth=\"1713\">\n\t\t\t\t\t\t\t\t\t\t\t\t\t\t\t\t\t\t\t\t\t\t\t\t\t\t\t\t\t\t\t\t\t\t\t\t\t\t\t\t\t\t\t\t\t\t\t\t\t\t\t\t\t\t\t\t\t\t\t\t\t\t\t\t\t\t<\/div>\n\t\t\t\t\t\t\t\t\t<\/li>\n\t\t\t\t\t\t\t\t\t\t\t\t\t\t\t\t\t\t\t\t\t\t\t<\/ul>\n\t\t\t\t\t\t<\/div>\n\t\t\t\t\t<\/div>\n\t\t\t\t\t\t\t\t\n<\/div><div class=\"nav fusion-mobile-tab-nav\"><ul class=\"nav-tabs nav-justified\" role=\"tablist\"><li role=\"presentation\"><a class=\"tab-link\" data-toggle=\"tab\" role=\"tab\" aria-controls=\"tab-b0d3ccebae64914321a\" aria-selected=\"false\" tabindex=\"-1\" id=\"mobile-fusion-tab-2025-alkuvuosi,runkoty\u00f6t\" href=\"#tab-b0d3ccebae64914321a\"><h4 class=\"fusion-tab-heading\"><i class=\"fontawesome-icon fa-hammer fas\" aria-hidden=\"true\" style=\"font-size:13px;\"><\/i>2025 - Alkuvuosi, runkoty\u00f6t<\/h4><\/a><\/li><\/ul><\/div><div class=\"tab-pane fade fusion-clearfix\" role=\"tabpanel\" tabindex=\"0\" aria-labelledby=\"fusion-tab-2025-alkuvuosi,runkoty\u00f6t\" id=\"tab-bc55a7cf30eea6be46c\">\n<h3><strong>WC-tilat<\/strong><\/h3>\n<p>Kodan rakentaminen oli tauolla joulukuun ja vuodenvaihteen yli, suunnitelmia py\u00f6ri varmaan useamman p\u00e4\u00e4ss\u00e4 mit\u00e4 seuraavaksi teht\u00e4isiin. Tammikuun puoliv\u00e4liss\u00e4 pidettiin WC-tilojen osalta katselmus ja mietittiin, miten tilasta saadaan toimiva. Kodan k\u00e4ytt\u00e4jille pit\u00e4\u00e4 olla muusta toiminnasta erilliset ja k\u00e4yt\u00e4nn\u00f6lliset tilat.<\/p>\n<div class=\"fusion-image-element in-legacy-container\" style=\"--awb-aspect-ratio:2 \/ 1;--awb-object-position:50% 56%;--awb-margin-bottom-medium:1px;--awb-max-width:600px;--awb-caption-title-font-family:var(--h2_typography-font-family);--awb-caption-title-font-weight:var(--h2_typography-font-weight);--awb-caption-title-font-style:var(--h2_typography-font-style);--awb-caption-title-size:var(--h2_typography-font-size);--awb-caption-title-transform:var(--h2_typography-text-transform);--awb-caption-title-line-height:var(--h2_typography-line-height);--awb-caption-title-letter-spacing:var(--h2_typography-letter-spacing);\"><div style=\"display:inline-block;width:600px;\"><span class=\" fusion-imageframe imageframe-none imageframe-3 hover-type-none has-aspect-ratio\"><img decoding=\"async\" width=\"1600\" height=\"1200\" alt=\"V\u00e4lisein\u00e4\" title=\"V\u00e4lisein\u00e4\" src=\"https:\/\/paivitys.rauhanyhdistys.fi\/oulunsalo\/wp-content\/uploads\/sites\/92\/2025\/07\/Valiseina.jpg\" class=\"img-responsive wp-image-509 img-with-aspect-ratio\" data-parent-fit=\"cover\" data-parent-container=\".fusion-image-element\" srcset=\"https:\/\/paivitys.rauhanyhdistys.fi\/oulunsalo\/wp-content\/uploads\/sites\/92\/2025\/07\/Valiseina-200x150.jpg 200w, https:\/\/paivitys.rauhanyhdistys.fi\/oulunsalo\/wp-content\/uploads\/sites\/92\/2025\/07\/Valiseina-400x300.jpg 400w, https:\/\/paivitys.rauhanyhdistys.fi\/oulunsalo\/wp-content\/uploads\/sites\/92\/2025\/07\/Valiseina-600x450.jpg 600w, https:\/\/paivitys.rauhanyhdistys.fi\/oulunsalo\/wp-content\/uploads\/sites\/92\/2025\/07\/Valiseina-800x600.jpg 800w, https:\/\/paivitys.rauhanyhdistys.fi\/oulunsalo\/wp-content\/uploads\/sites\/92\/2025\/07\/Valiseina-1200x900.jpg 1200w, https:\/\/paivitys.rauhanyhdistys.fi\/oulunsalo\/wp-content\/uploads\/sites\/92\/2025\/07\/Valiseina.jpg 1600w\" sizes=\"(max-width: 1024px) 100vw, (max-width: 640px) 100vw, 1200px\" \/><\/span><\/div><\/div>\n<p>Tammikuun loppupuolella purettiin vanhat v\u00e4lisein\u00e4t ja lattiat. Helmikuun alussa tehtiin tarvittavat LVI-muutosty\u00f6t ja valettiin lattia uudelleen. WCn v\u00e4lisein\u00e4t rakennettiin muutama p\u00e4iv\u00e4 valun j\u00e4lkeen, tilojen s\u00e4hk\u00f6ty\u00f6t tehtiin samaan aikaan.<\/p>\n<p>Huhtikuun puoliv\u00e4liin menness\u00e4 asennettiin WC-istuimet, lavuaarit, hanat ja muut tarvittavat LVI-kalusteet.<\/p>\n<p><img decoding=\"async\" class=\"alignleft size-full wp-image-507\" src=\"https:\/\/paivitys.rauhanyhdistys.fi\/oulunsalo\/wp-content\/uploads\/sites\/92\/2025\/07\/WC_2.jpg\" alt=\"\" width=\"300\" srcset=\"https:\/\/paivitys.rauhanyhdistys.fi\/oulunsalo\/wp-content\/uploads\/sites\/92\/2025\/07\/WC_2-200x267.jpg 200w, https:\/\/paivitys.rauhanyhdistys.fi\/oulunsalo\/wp-content\/uploads\/sites\/92\/2025\/07\/WC_2-225x300.jpg 225w, https:\/\/paivitys.rauhanyhdistys.fi\/oulunsalo\/wp-content\/uploads\/sites\/92\/2025\/07\/WC_2-400x533.jpg 400w, https:\/\/paivitys.rauhanyhdistys.fi\/oulunsalo\/wp-content\/uploads\/sites\/92\/2025\/07\/WC_2-600x800.jpg 600w, https:\/\/paivitys.rauhanyhdistys.fi\/oulunsalo\/wp-content\/uploads\/sites\/92\/2025\/07\/WC_2-768x1024.jpg 768w, https:\/\/paivitys.rauhanyhdistys.fi\/oulunsalo\/wp-content\/uploads\/sites\/92\/2025\/07\/WC_2-800x1067.jpg 800w, https:\/\/paivitys.rauhanyhdistys.fi\/oulunsalo\/wp-content\/uploads\/sites\/92\/2025\/07\/WC_2-1152x1536.jpg 1152w, https:\/\/paivitys.rauhanyhdistys.fi\/oulunsalo\/wp-content\/uploads\/sites\/92\/2025\/07\/WC_2.jpg 1200w\" sizes=\"(max-width: 1200px) 100vw, 1200px\" \/><img decoding=\"async\" class=\"alignleft size-full wp-image-508\" src=\"https:\/\/paivitys.rauhanyhdistys.fi\/oulunsalo\/wp-content\/uploads\/sites\/92\/2025\/07\/WC_1.jpg\" alt=\"\" width=\"300\" srcset=\"https:\/\/paivitys.rauhanyhdistys.fi\/oulunsalo\/wp-content\/uploads\/sites\/92\/2025\/07\/WC_1-200x267.jpg 200w, https:\/\/paivitys.rauhanyhdistys.fi\/oulunsalo\/wp-content\/uploads\/sites\/92\/2025\/07\/WC_1-225x300.jpg 225w, https:\/\/paivitys.rauhanyhdistys.fi\/oulunsalo\/wp-content\/uploads\/sites\/92\/2025\/07\/WC_1-400x533.jpg 400w, https:\/\/paivitys.rauhanyhdistys.fi\/oulunsalo\/wp-content\/uploads\/sites\/92\/2025\/07\/WC_1-600x800.jpg 600w, https:\/\/paivitys.rauhanyhdistys.fi\/oulunsalo\/wp-content\/uploads\/sites\/92\/2025\/07\/WC_1-768x1024.jpg 768w, https:\/\/paivitys.rauhanyhdistys.fi\/oulunsalo\/wp-content\/uploads\/sites\/92\/2025\/07\/WC_1-800x1067.jpg 800w, https:\/\/paivitys.rauhanyhdistys.fi\/oulunsalo\/wp-content\/uploads\/sites\/92\/2025\/07\/WC_1-1152x1536.jpg 1152w, https:\/\/paivitys.rauhanyhdistys.fi\/oulunsalo\/wp-content\/uploads\/sites\/92\/2025\/07\/WC_1.jpg 1200w\" sizes=\"(max-width: 1200px) 100vw, 1200px\" \/><img decoding=\"async\" class=\"alignleft size-full wp-image-510\" src=\"https:\/\/paivitys.rauhanyhdistys.fi\/oulunsalo\/wp-content\/uploads\/sites\/92\/2025\/07\/aula.jpg\" alt=\"Aula\" width=\"300\" srcset=\"https:\/\/paivitys.rauhanyhdistys.fi\/oulunsalo\/wp-content\/uploads\/sites\/92\/2025\/07\/aula-200x150.jpg 200w, https:\/\/paivitys.rauhanyhdistys.fi\/oulunsalo\/wp-content\/uploads\/sites\/92\/2025\/07\/aula-300x225.jpg 300w, https:\/\/paivitys.rauhanyhdistys.fi\/oulunsalo\/wp-content\/uploads\/sites\/92\/2025\/07\/aula-400x300.jpg 400w, https:\/\/paivitys.rauhanyhdistys.fi\/oulunsalo\/wp-content\/uploads\/sites\/92\/2025\/07\/aula-600x450.jpg 600w, https:\/\/paivitys.rauhanyhdistys.fi\/oulunsalo\/wp-content\/uploads\/sites\/92\/2025\/07\/aula-768x576.jpg 768w, https:\/\/paivitys.rauhanyhdistys.fi\/oulunsalo\/wp-content\/uploads\/sites\/92\/2025\/07\/aula-800x600.jpg 800w, https:\/\/paivitys.rauhanyhdistys.fi\/oulunsalo\/wp-content\/uploads\/sites\/92\/2025\/07\/aula-1024x768.jpg 1024w, https:\/\/paivitys.rauhanyhdistys.fi\/oulunsalo\/wp-content\/uploads\/sites\/92\/2025\/07\/aula-1200x900.jpg 1200w, https:\/\/paivitys.rauhanyhdistys.fi\/oulunsalo\/wp-content\/uploads\/sites\/92\/2025\/07\/aula-1536x1152.jpg 1536w, https:\/\/paivitys.rauhanyhdistys.fi\/oulunsalo\/wp-content\/uploads\/sites\/92\/2025\/07\/aula.jpg 1600w\" sizes=\"(max-width: 1600px) 100vw, 1600px\" \/><br \/>\n<br style=\"clear: both;\"><\/p>\n<p>Metallimiest\u00e4kin tarvittiin, kattopalkkien liitoskappale tehtiin vankasta ter\u00e4ksest\u00e4. Sen keskell\u00e4 on aukko savupiipulle.<\/p>\n<div class=\"fusion-image-element in-legacy-container\" style=\"--awb-aspect-ratio:1 \/ 1;--awb-object-position:50% 40%;--awb-max-width:400px;--awb-caption-title-font-family:var(--h2_typography-font-family);--awb-caption-title-font-weight:var(--h2_typography-font-weight);--awb-caption-title-font-style:var(--h2_typography-font-style);--awb-caption-title-size:var(--h2_typography-font-size);--awb-caption-title-transform:var(--h2_typography-text-transform);--awb-caption-title-line-height:var(--h2_typography-line-height);--awb-caption-title-letter-spacing:var(--h2_typography-letter-spacing);\"><div style=\"display:inline-block;width:400px;\"><span class=\" fusion-imageframe imageframe-none imageframe-4 hover-type-none has-aspect-ratio\"><img decoding=\"async\" width=\"400\" height=\"711\" alt=\"Huipun nuppi\" title=\"huipun nuppi\" src=\"https:\/\/paivitys.rauhanyhdistys.fi\/oulunsalo\/wp-content\/uploads\/sites\/92\/2025\/07\/huipun-nuppi-400x711.jpg\" class=\"img-responsive wp-image-504 img-with-aspect-ratio\" data-parent-fit=\"cover\" data-parent-container=\".fusion-image-element\" srcset=\"https:\/\/paivitys.rauhanyhdistys.fi\/oulunsalo\/wp-content\/uploads\/sites\/92\/2025\/07\/huipun-nuppi-200x356.jpg 200w, https:\/\/paivitys.rauhanyhdistys.fi\/oulunsalo\/wp-content\/uploads\/sites\/92\/2025\/07\/huipun-nuppi-400x711.jpg 400w, https:\/\/paivitys.rauhanyhdistys.fi\/oulunsalo\/wp-content\/uploads\/sites\/92\/2025\/07\/huipun-nuppi-600x1067.jpg 600w, https:\/\/paivitys.rauhanyhdistys.fi\/oulunsalo\/wp-content\/uploads\/sites\/92\/2025\/07\/huipun-nuppi-800x1422.jpg 800w, https:\/\/paivitys.rauhanyhdistys.fi\/oulunsalo\/wp-content\/uploads\/sites\/92\/2025\/07\/huipun-nuppi.jpg 1080w\" sizes=\"(max-width: 1024px) 100vw, (max-width: 640px) 100vw, 400px\" \/><\/span><\/div><\/div>\n<h3><strong>Runkoty\u00f6t\u00a0<\/strong><\/h3>\n<p>Toukokuun lopussa runkoty\u00f6t oli saatu hyv\u00e4\u00e4n vauhtiin<\/p>\n<div class=\"fusion-image-element in-legacy-container\" style=\"--awb-aspect-ratio:2 \/ 1;--awb-object-position:49% 59%;--awb-margin-bottom:30px;--awb-caption-title-font-family:var(--h2_typography-font-family);--awb-caption-title-font-weight:var(--h2_typography-font-weight);--awb-caption-title-font-style:var(--h2_typography-font-style);--awb-caption-title-size:var(--h2_typography-font-size);--awb-caption-title-transform:var(--h2_typography-text-transform);--awb-caption-title-line-height:var(--h2_typography-line-height);--awb-caption-title-letter-spacing:var(--h2_typography-letter-spacing);\"><span class=\" fusion-imageframe imageframe-none imageframe-5 hover-type-none has-aspect-ratio\"><img decoding=\"async\" width=\"1024\" height=\"768\" alt=\"tilanne 31.5.2025\" title=\"tilanne 31.5.2025_sm\" src=\"https:\/\/paivitys.rauhanyhdistys.fi\/oulunsalo\/wp-content\/uploads\/sites\/92\/2025\/07\/tilanne-31.5.2025_sm-1024x768.jpg\" class=\"img-responsive wp-image-511 img-with-aspect-ratio\" data-parent-fit=\"cover\" data-parent-container=\".fusion-image-element\" srcset=\"https:\/\/paivitys.rauhanyhdistys.fi\/oulunsalo\/wp-content\/uploads\/sites\/92\/2025\/07\/tilanne-31.5.2025_sm-200x150.jpg 200w, https:\/\/paivitys.rauhanyhdistys.fi\/oulunsalo\/wp-content\/uploads\/sites\/92\/2025\/07\/tilanne-31.5.2025_sm-400x300.jpg 400w, https:\/\/paivitys.rauhanyhdistys.fi\/oulunsalo\/wp-content\/uploads\/sites\/92\/2025\/07\/tilanne-31.5.2025_sm-600x450.jpg 600w, https:\/\/paivitys.rauhanyhdistys.fi\/oulunsalo\/wp-content\/uploads\/sites\/92\/2025\/07\/tilanne-31.5.2025_sm-800x600.jpg 800w, https:\/\/paivitys.rauhanyhdistys.fi\/oulunsalo\/wp-content\/uploads\/sites\/92\/2025\/07\/tilanne-31.5.2025_sm-1200x900.jpg 1200w, https:\/\/paivitys.rauhanyhdistys.fi\/oulunsalo\/wp-content\/uploads\/sites\/92\/2025\/07\/tilanne-31.5.2025_sm.jpg 1800w\" sizes=\"(max-width: 1024px) 100vw, (max-width: 640px) 100vw, 1200px\" \/><\/span><\/div><\/div><div class=\"nav fusion-mobile-tab-nav\"><ul class=\"nav-tabs nav-justified\" role=\"tablist\"><li role=\"presentation\"><a class=\"tab-link\" data-toggle=\"tab\" role=\"tab\" aria-controls=\"tab-470b3da38c8588ae666\" aria-selected=\"false\" tabindex=\"-1\" id=\"mobile-fusion-tab-2025-loppuvuosi,valmistuminen\" href=\"#tab-470b3da38c8588ae666\"><h4 class=\"fusion-tab-heading\"><i class=\"fontawesome-icon fa-campground fas\" aria-hidden=\"true\" style=\"font-size:13px;\"><\/i>2025 - Loppuvuosi, valmistuminen<\/h4><\/a><\/li><\/ul><\/div><div class=\"tab-pane fade fusion-clearfix\" role=\"tabpanel\" tabindex=\"0\" aria-labelledby=\"fusion-tab-2025-loppuvuosi,valmistuminen\" id=\"tab-7ec658b5f15274cb522\">\n<p>Kodan rakentaminen eteni hieman hitaammin kes\u00e4n lomakauden aikana. Kattoelementit olivat valmistuneet kev\u00e4\u00e4ll\u00e4 ja ne oli kuljetettu ty\u00f6maalle toukokuun lopulla. Kes\u00e4kuussa ty\u00f6maalla ei tapahtunut kovin paljon.<\/p>\n<p><img decoding=\"async\" class=\"alignnone size-full wp-image-524\" src=\"https:\/\/paivitys.rauhanyhdistys.fi\/oulunsalo\/wp-content\/uploads\/sites\/92\/2025\/10\/20250714-WA0003-keskeneraiset-kattoelementit-e1761770724913.jpg\" alt=\"\" width=\"800\" srcset=\"https:\/\/paivitys.rauhanyhdistys.fi\/oulunsalo\/wp-content\/uploads\/sites\/92\/2025\/10\/20250714-WA0003-keskeneraiset-kattoelementit-e1761770724913-200x112.jpg 200w, https:\/\/paivitys.rauhanyhdistys.fi\/oulunsalo\/wp-content\/uploads\/sites\/92\/2025\/10\/20250714-WA0003-keskeneraiset-kattoelementit-e1761770724913-300x169.jpg 300w, https:\/\/paivitys.rauhanyhdistys.fi\/oulunsalo\/wp-content\/uploads\/sites\/92\/2025\/10\/20250714-WA0003-keskeneraiset-kattoelementit-e1761770724913-400x225.jpg 400w, https:\/\/paivitys.rauhanyhdistys.fi\/oulunsalo\/wp-content\/uploads\/sites\/92\/2025\/10\/20250714-WA0003-keskeneraiset-kattoelementit-e1761770724913-600x337.jpg 600w, https:\/\/paivitys.rauhanyhdistys.fi\/oulunsalo\/wp-content\/uploads\/sites\/92\/2025\/10\/20250714-WA0003-keskeneraiset-kattoelementit-e1761770724913-768x432.jpg 768w, https:\/\/paivitys.rauhanyhdistys.fi\/oulunsalo\/wp-content\/uploads\/sites\/92\/2025\/10\/20250714-WA0003-keskeneraiset-kattoelementit-e1761770724913-800x450.jpg 800w, https:\/\/paivitys.rauhanyhdistys.fi\/oulunsalo\/wp-content\/uploads\/sites\/92\/2025\/10\/20250714-WA0003-keskeneraiset-kattoelementit-e1761770724913-1024x576.jpg 1024w, https:\/\/paivitys.rauhanyhdistys.fi\/oulunsalo\/wp-content\/uploads\/sites\/92\/2025\/10\/20250714-WA0003-keskeneraiset-kattoelementit-e1761770724913.jpg 1080w\" sizes=\"(max-width: 1080px) 100vw, 1080px\" \/><\/p>\n<p>Hein\u00e4kuussa parkkialueelle varastoituihin kattoelementteihin asennettiin palahuopa ja viimeisteltiin ne muiltakin osin nostoa varten. Rungon yl\u00e4p\u00e4\u00e4h\u00e4n asennettiin ter\u00e4svanne pit\u00e4m\u00e4\u00e4n \u201dkoppi\u201d kasassa ja kiinnikkeet kattopalkkeja varten. Viel\u00e4 ennen katon nostoa asennettiin tuulensuojalevyt ja vaakakoolaus j\u00e4ykist\u00e4m\u00e4\u00e4n runkoa.<\/p>\n<p><img decoding=\"async\" class=\"alignleft size-full wp-image-523\" src=\"https:\/\/paivitys.rauhanyhdistys.fi\/oulunsalo\/wp-content\/uploads\/sites\/92\/2025\/10\/20250711-WA0018-kattoelementit.jpg\" alt=\"\" width=\"668\" srcset=\"https:\/\/paivitys.rauhanyhdistys.fi\/oulunsalo\/wp-content\/uploads\/sites\/92\/2025\/10\/20250711-WA0018-kattoelementit-200x112.jpg 200w, https:\/\/paivitys.rauhanyhdistys.fi\/oulunsalo\/wp-content\/uploads\/sites\/92\/2025\/10\/20250711-WA0018-kattoelementit-300x169.jpg 300w, https:\/\/paivitys.rauhanyhdistys.fi\/oulunsalo\/wp-content\/uploads\/sites\/92\/2025\/10\/20250711-WA0018-kattoelementit-400x225.jpg 400w, https:\/\/paivitys.rauhanyhdistys.fi\/oulunsalo\/wp-content\/uploads\/sites\/92\/2025\/10\/20250711-WA0018-kattoelementit-600x337.jpg 600w, https:\/\/paivitys.rauhanyhdistys.fi\/oulunsalo\/wp-content\/uploads\/sites\/92\/2025\/10\/20250711-WA0018-kattoelementit-768x432.jpg 768w, https:\/\/paivitys.rauhanyhdistys.fi\/oulunsalo\/wp-content\/uploads\/sites\/92\/2025\/10\/20250711-WA0018-kattoelementit-800x450.jpg 800w, https:\/\/paivitys.rauhanyhdistys.fi\/oulunsalo\/wp-content\/uploads\/sites\/92\/2025\/10\/20250711-WA0018-kattoelementit-1024x576.jpg 1024w, https:\/\/paivitys.rauhanyhdistys.fi\/oulunsalo\/wp-content\/uploads\/sites\/92\/2025\/10\/20250711-WA0018-kattoelementit-1200x675.jpg 1200w, https:\/\/paivitys.rauhanyhdistys.fi\/oulunsalo\/wp-content\/uploads\/sites\/92\/2025\/10\/20250711-WA0018-kattoelementit-1536x864.jpg 1536w, https:\/\/paivitys.rauhanyhdistys.fi\/oulunsalo\/wp-content\/uploads\/sites\/92\/2025\/10\/20250711-WA0018-kattoelementit.jpg 1599w\" sizes=\"(max-width: 1599px) 100vw, 1599px\" \/><img decoding=\"async\" class=\"alignleft size-full wp-image-525\" src=\"https:\/\/paivitys.rauhanyhdistys.fi\/oulunsalo\/wp-content\/uploads\/sites\/92\/2025\/10\/20250807-WA0003-tuulensuoja-ja-terasvanne.jpg\" alt=\"\" width=\"280\" srcset=\"https:\/\/paivitys.rauhanyhdistys.fi\/oulunsalo\/wp-content\/uploads\/sites\/92\/2025\/10\/20250807-WA0003-tuulensuoja-ja-terasvanne-200x267.jpg 200w, https:\/\/paivitys.rauhanyhdistys.fi\/oulunsalo\/wp-content\/uploads\/sites\/92\/2025\/10\/20250807-WA0003-tuulensuoja-ja-terasvanne-225x300.jpg 225w, https:\/\/paivitys.rauhanyhdistys.fi\/oulunsalo\/wp-content\/uploads\/sites\/92\/2025\/10\/20250807-WA0003-tuulensuoja-ja-terasvanne-400x533.jpg 400w, https:\/\/paivitys.rauhanyhdistys.fi\/oulunsalo\/wp-content\/uploads\/sites\/92\/2025\/10\/20250807-WA0003-tuulensuoja-ja-terasvanne-600x800.jpg 600w, https:\/\/paivitys.rauhanyhdistys.fi\/oulunsalo\/wp-content\/uploads\/sites\/92\/2025\/10\/20250807-WA0003-tuulensuoja-ja-terasvanne-768x1024.jpg 768w, https:\/\/paivitys.rauhanyhdistys.fi\/oulunsalo\/wp-content\/uploads\/sites\/92\/2025\/10\/20250807-WA0003-tuulensuoja-ja-terasvanne-800x1067.jpg 800w, https:\/\/paivitys.rauhanyhdistys.fi\/oulunsalo\/wp-content\/uploads\/sites\/92\/2025\/10\/20250807-WA0003-tuulensuoja-ja-terasvanne-1152x1536.jpg 1152w, https:\/\/paivitys.rauhanyhdistys.fi\/oulunsalo\/wp-content\/uploads\/sites\/92\/2025\/10\/20250807-WA0003-tuulensuoja-ja-terasvanne-1200x1600.jpg 1200w, https:\/\/paivitys.rauhanyhdistys.fi\/oulunsalo\/wp-content\/uploads\/sites\/92\/2025\/10\/20250807-WA0003-tuulensuoja-ja-terasvanne.jpg 1536w\" sizes=\"(max-width: 1536px) 100vw, 1536px\" \/><br \/><br style=\"clear: both;\"><\/p>\n<p>Paksusta ter\u00e4ksest\u00e4 hitsattu huipun nupin, kattoa kannattavien liimapuupalkkien ja kattoelementtien nostot tehtiin koneiden avustuksella elokuun puoliv\u00e4lin j\u00e4lkeen.<\/p>\n<div>\n<p><img decoding=\"async\" class=\"alignleft size-full wp-image-526\" style=\"margin-bottom: 15px;\" src=\"https:\/\/paivitys.rauhanyhdistys.fi\/oulunsalo\/wp-content\/uploads\/sites\/92\/2025\/10\/20250812_huipunnuppi-asennus_2.jpg\" alt=\"\" width=\"400\"><img decoding=\"async\" class=\"alignleft size-full wp-image-527\" style=\"margin-bottom: 15px;\" src=\"https:\/\/paivitys.rauhanyhdistys.fi\/oulunsalo\/wp-content\/uploads\/sites\/92\/2025\/10\/20250813_kattoelementtien-asennus.jpg\" alt=\"\" width=\"238\" srcset=\"https:\/\/paivitys.rauhanyhdistys.fi\/oulunsalo\/wp-content\/uploads\/sites\/92\/2025\/10\/20250813_kattoelementtien-asennus-200x267.jpg 200w, https:\/\/paivitys.rauhanyhdistys.fi\/oulunsalo\/wp-content\/uploads\/sites\/92\/2025\/10\/20250813_kattoelementtien-asennus-225x300.jpg 225w, https:\/\/paivitys.rauhanyhdistys.fi\/oulunsalo\/wp-content\/uploads\/sites\/92\/2025\/10\/20250813_kattoelementtien-asennus-400x533.jpg 400w, https:\/\/paivitys.rauhanyhdistys.fi\/oulunsalo\/wp-content\/uploads\/sites\/92\/2025\/10\/20250813_kattoelementtien-asennus-600x800.jpg 600w, https:\/\/paivitys.rauhanyhdistys.fi\/oulunsalo\/wp-content\/uploads\/sites\/92\/2025\/10\/20250813_kattoelementtien-asennus-768x1024.jpg 768w, https:\/\/paivitys.rauhanyhdistys.fi\/oulunsalo\/wp-content\/uploads\/sites\/92\/2025\/10\/20250813_kattoelementtien-asennus-800x1067.jpg 800w, https:\/\/paivitys.rauhanyhdistys.fi\/oulunsalo\/wp-content\/uploads\/sites\/92\/2025\/10\/20250813_kattoelementtien-asennus-1152x1536.jpg 1152w, https:\/\/paivitys.rauhanyhdistys.fi\/oulunsalo\/wp-content\/uploads\/sites\/92\/2025\/10\/20250813_kattoelementtien-asennus.jpg 1200w\" sizes=\"(max-width: 1200px) 100vw, 1200px\" \/><img decoding=\"async\" class=\"alignleft size-full wp-image-528\" style=\"margin-bottom: 15px;\" src=\"https:\/\/paivitys.rauhanyhdistys.fi\/oulunsalo\/wp-content\/uploads\/sites\/92\/2025\/10\/20250814_Kattoelementtien-asennus_1.jpg\" alt=\"\" width=\"238\" srcset=\"https:\/\/paivitys.rauhanyhdistys.fi\/oulunsalo\/wp-content\/uploads\/sites\/92\/2025\/10\/20250814_Kattoelementtien-asennus_1-200x267.jpg 200w, https:\/\/paivitys.rauhanyhdistys.fi\/oulunsalo\/wp-content\/uploads\/sites\/92\/2025\/10\/20250814_Kattoelementtien-asennus_1-225x300.jpg 225w, https:\/\/paivitys.rauhanyhdistys.fi\/oulunsalo\/wp-content\/uploads\/sites\/92\/2025\/10\/20250814_Kattoelementtien-asennus_1-400x534.jpg 400w, https:\/\/paivitys.rauhanyhdistys.fi\/oulunsalo\/wp-content\/uploads\/sites\/92\/2025\/10\/20250814_Kattoelementtien-asennus_1-600x801.jpg 600w, https:\/\/paivitys.rauhanyhdistys.fi\/oulunsalo\/wp-content\/uploads\/sites\/92\/2025\/10\/20250814_Kattoelementtien-asennus_1-767x1024.jpg 767w, https:\/\/paivitys.rauhanyhdistys.fi\/oulunsalo\/wp-content\/uploads\/sites\/92\/2025\/10\/20250814_Kattoelementtien-asennus_1-768x1025.jpg 768w, https:\/\/paivitys.rauhanyhdistys.fi\/oulunsalo\/wp-content\/uploads\/sites\/92\/2025\/10\/20250814_Kattoelementtien-asennus_1-800x1068.jpg 800w, https:\/\/paivitys.rauhanyhdistys.fi\/oulunsalo\/wp-content\/uploads\/sites\/92\/2025\/10\/20250814_Kattoelementtien-asennus_1.jpg 929w\" sizes=\"(max-width: 929px) 100vw, 929px\" \/><img decoding=\"async\" class=\"alignleft size-full wp-image-529\" style=\"margin-bottom: 15px;\" src=\"https:\/\/paivitys.rauhanyhdistys.fi\/oulunsalo\/wp-content\/uploads\/sites\/92\/2025\/10\/20250814_kattoelementtien-asennus_2-e1761768981419.jpg\" alt=\"\" width=\"238\" srcset=\"https:\/\/paivitys.rauhanyhdistys.fi\/oulunsalo\/wp-content\/uploads\/sites\/92\/2025\/10\/20250814_kattoelementtien-asennus_2-e1761768981419-200x267.jpg 200w, https:\/\/paivitys.rauhanyhdistys.fi\/oulunsalo\/wp-content\/uploads\/sites\/92\/2025\/10\/20250814_kattoelementtien-asennus_2-e1761768981419-225x300.jpg 225w, https:\/\/paivitys.rauhanyhdistys.fi\/oulunsalo\/wp-content\/uploads\/sites\/92\/2025\/10\/20250814_kattoelementtien-asennus_2-e1761768981419-400x533.jpg 400w, https:\/\/paivitys.rauhanyhdistys.fi\/oulunsalo\/wp-content\/uploads\/sites\/92\/2025\/10\/20250814_kattoelementtien-asennus_2-e1761768981419-600x800.jpg 600w, https:\/\/paivitys.rauhanyhdistys.fi\/oulunsalo\/wp-content\/uploads\/sites\/92\/2025\/10\/20250814_kattoelementtien-asennus_2-e1761768981419-768x1024.jpg 768w, https:\/\/paivitys.rauhanyhdistys.fi\/oulunsalo\/wp-content\/uploads\/sites\/92\/2025\/10\/20250814_kattoelementtien-asennus_2-e1761768981419-800x1067.jpg 800w, https:\/\/paivitys.rauhanyhdistys.fi\/oulunsalo\/wp-content\/uploads\/sites\/92\/2025\/10\/20250814_kattoelementtien-asennus_2-e1761768981419.jpg 948w\" sizes=\"(max-width: 948px) 100vw, 948px\" \/><img decoding=\"async\" class=\"alignleft size-full wp-image-530\" style=\"margin-bottom: 15px;\" src=\"https:\/\/paivitys.rauhanyhdistys.fi\/oulunsalo\/wp-content\/uploads\/sites\/92\/2025\/10\/20250814_kattoelementtien-asennus_3.jpg\" alt=\"\" width=\"238\" srcset=\"https:\/\/paivitys.rauhanyhdistys.fi\/oulunsalo\/wp-content\/uploads\/sites\/92\/2025\/10\/20250814_kattoelementtien-asennus_3-200x267.jpg 200w, https:\/\/paivitys.rauhanyhdistys.fi\/oulunsalo\/wp-content\/uploads\/sites\/92\/2025\/10\/20250814_kattoelementtien-asennus_3-225x300.jpg 225w, https:\/\/paivitys.rauhanyhdistys.fi\/oulunsalo\/wp-content\/uploads\/sites\/92\/2025\/10\/20250814_kattoelementtien-asennus_3-400x533.jpg 400w, https:\/\/paivitys.rauhanyhdistys.fi\/oulunsalo\/wp-content\/uploads\/sites\/92\/2025\/10\/20250814_kattoelementtien-asennus_3-600x800.jpg 600w, https:\/\/paivitys.rauhanyhdistys.fi\/oulunsalo\/wp-content\/uploads\/sites\/92\/2025\/10\/20250814_kattoelementtien-asennus_3-768x1024.jpg 768w, https:\/\/paivitys.rauhanyhdistys.fi\/oulunsalo\/wp-content\/uploads\/sites\/92\/2025\/10\/20250814_kattoelementtien-asennus_3-800x1067.jpg 800w, https:\/\/paivitys.rauhanyhdistys.fi\/oulunsalo\/wp-content\/uploads\/sites\/92\/2025\/10\/20250814_kattoelementtien-asennus_3-1152x1536.jpg 1152w, https:\/\/paivitys.rauhanyhdistys.fi\/oulunsalo\/wp-content\/uploads\/sites\/92\/2025\/10\/20250814_kattoelementtien-asennus_3.jpg 1200w\" sizes=\"(max-width: 1200px) 100vw, 1200px\" \/><br \/><br style=\"clear: both;\"><\/p>\n<\/div>\n<p>Kodan katto paikallaan sis\u00e4puolelta katsottuna, n\u00e4ytt\u00e4\u00e4 hyv\u00e4lt\u00e4! Katon asennuksen j\u00e4lkeen ulko- ja sis\u00e4puolella saatiin muutamassa p\u00e4iv\u00e4ss\u00e4 paljon aikaan. S\u00e4hk\u00f6miehet asensivat ty\u00f6maakeskuksen kotaan, koneiden k\u00e4ytt\u00f6 helpottui huomattavasti.<\/p>\n<p><img decoding=\"async\" class=\"alignleft size-full wp-image-531\" src=\"https:\/\/paivitys.rauhanyhdistys.fi\/oulunsalo\/wp-content\/uploads\/sites\/92\/2025\/10\/20250824_154418-sisalta-rotated.jpg\" alt=\"\" width=\"300\" srcset=\"https:\/\/paivitys.rauhanyhdistys.fi\/oulunsalo\/wp-content\/uploads\/sites\/92\/2025\/10\/20250824_154418-sisalta-200x267.jpg 200w, https:\/\/paivitys.rauhanyhdistys.fi\/oulunsalo\/wp-content\/uploads\/sites\/92\/2025\/10\/20250824_154418-sisalta-225x300.jpg 225w, https:\/\/paivitys.rauhanyhdistys.fi\/oulunsalo\/wp-content\/uploads\/sites\/92\/2025\/10\/20250824_154418-sisalta-400x533.jpg 400w, https:\/\/paivitys.rauhanyhdistys.fi\/oulunsalo\/wp-content\/uploads\/sites\/92\/2025\/10\/20250824_154418-sisalta-600x800.jpg 600w, https:\/\/paivitys.rauhanyhdistys.fi\/oulunsalo\/wp-content\/uploads\/sites\/92\/2025\/10\/20250824_154418-sisalta-768x1024.jpg 768w, https:\/\/paivitys.rauhanyhdistys.fi\/oulunsalo\/wp-content\/uploads\/sites\/92\/2025\/10\/20250824_154418-sisalta-800x1067.jpg 800w, https:\/\/paivitys.rauhanyhdistys.fi\/oulunsalo\/wp-content\/uploads\/sites\/92\/2025\/10\/20250824_154418-sisalta-rotated.jpg 900w\" sizes=\"(max-width: 900px) 100vw, 900px\" \/><img decoding=\"async\" class=\"alignleft size-full wp-image-532\" src=\"https:\/\/paivitys.rauhanyhdistys.fi\/oulunsalo\/wp-content\/uploads\/sites\/92\/2025\/10\/20250828-WA0001-tyomaakeskus.jpg\" alt=\"\" width=\"300\" srcset=\"https:\/\/paivitys.rauhanyhdistys.fi\/oulunsalo\/wp-content\/uploads\/sites\/92\/2025\/10\/20250828-WA0001-tyomaakeskus-200x267.jpg 200w, https:\/\/paivitys.rauhanyhdistys.fi\/oulunsalo\/wp-content\/uploads\/sites\/92\/2025\/10\/20250828-WA0001-tyomaakeskus-225x300.jpg 225w, https:\/\/paivitys.rauhanyhdistys.fi\/oulunsalo\/wp-content\/uploads\/sites\/92\/2025\/10\/20250828-WA0001-tyomaakeskus-400x533.jpg 400w, https:\/\/paivitys.rauhanyhdistys.fi\/oulunsalo\/wp-content\/uploads\/sites\/92\/2025\/10\/20250828-WA0001-tyomaakeskus-600x800.jpg 600w, https:\/\/paivitys.rauhanyhdistys.fi\/oulunsalo\/wp-content\/uploads\/sites\/92\/2025\/10\/20250828-WA0001-tyomaakeskus-768x1024.jpg 768w, https:\/\/paivitys.rauhanyhdistys.fi\/oulunsalo\/wp-content\/uploads\/sites\/92\/2025\/10\/20250828-WA0001-tyomaakeskus-800x1066.jpg 800w, https:\/\/paivitys.rauhanyhdistys.fi\/oulunsalo\/wp-content\/uploads\/sites\/92\/2025\/10\/20250828-WA0001-tyomaakeskus-1152x1536.jpg 1152w, https:\/\/paivitys.rauhanyhdistys.fi\/oulunsalo\/wp-content\/uploads\/sites\/92\/2025\/10\/20250828-WA0001-tyomaakeskus.jpg 1192w\" sizes=\"(max-width: 1192px) 100vw, 1192px\" \/><br \/><br style=\"clear: both;\"><\/p>\n<p>Eristeiden asennus aloitettiin my\u00f6s heti kun katto oli saatu paikalleen. Siivoustakin tehtiin, ett\u00e4 ty\u00f6maalla olisi mukavampi ty\u00f6skennell\u00e4.<\/p>\n<p><img decoding=\"async\" class=\"alignnone size-full wp-image-533\" src=\"https:\/\/paivitys.rauhanyhdistys.fi\/oulunsalo\/wp-content\/uploads\/sites\/92\/2025\/10\/20250829-WA0000-eristeet-ja-siivous.jpg\" alt=\"\" width=\"400\" srcset=\"https:\/\/paivitys.rauhanyhdistys.fi\/oulunsalo\/wp-content\/uploads\/sites\/92\/2025\/10\/20250829-WA0000-eristeet-ja-siivous-200x150.jpg 200w, https:\/\/paivitys.rauhanyhdistys.fi\/oulunsalo\/wp-content\/uploads\/sites\/92\/2025\/10\/20250829-WA0000-eristeet-ja-siivous-300x225.jpg 300w, https:\/\/paivitys.rauhanyhdistys.fi\/oulunsalo\/wp-content\/uploads\/sites\/92\/2025\/10\/20250829-WA0000-eristeet-ja-siivous-400x300.jpg 400w, https:\/\/paivitys.rauhanyhdistys.fi\/oulunsalo\/wp-content\/uploads\/sites\/92\/2025\/10\/20250829-WA0000-eristeet-ja-siivous-600x450.jpg 600w, https:\/\/paivitys.rauhanyhdistys.fi\/oulunsalo\/wp-content\/uploads\/sites\/92\/2025\/10\/20250829-WA0000-eristeet-ja-siivous-768x576.jpg 768w, https:\/\/paivitys.rauhanyhdistys.fi\/oulunsalo\/wp-content\/uploads\/sites\/92\/2025\/10\/20250829-WA0000-eristeet-ja-siivous-800x600.jpg 800w, https:\/\/paivitys.rauhanyhdistys.fi\/oulunsalo\/wp-content\/uploads\/sites\/92\/2025\/10\/20250829-WA0000-eristeet-ja-siivous-1024x768.jpg 1024w, https:\/\/paivitys.rauhanyhdistys.fi\/oulunsalo\/wp-content\/uploads\/sites\/92\/2025\/10\/20250829-WA0000-eristeet-ja-siivous-1200x900.jpg 1200w, https:\/\/paivitys.rauhanyhdistys.fi\/oulunsalo\/wp-content\/uploads\/sites\/92\/2025\/10\/20250829-WA0000-eristeet-ja-siivous-1536x1152.jpg 1536w, https:\/\/paivitys.rauhanyhdistys.fi\/oulunsalo\/wp-content\/uploads\/sites\/92\/2025\/10\/20250829-WA0000-eristeet-ja-siivous.jpg 1600w\" sizes=\"(max-width: 1600px) 100vw, 1600px\" \/><\/p>\n<p>Ulkopuolen pystykoolaus, ulkoverhouksen asennus ja sis\u00e4puolisen h\u00f6yrynsulun, vaakakoolauksen ja ikkunoiden asennukset oli ohjelmassa elo-syyskuun vaihteessa. T\u00e4m\u00e4 sujui nopeasti, kun talkoisiin saatiin runsaasti tekij\u00f6it\u00e4.<\/p>\n<p><img decoding=\"async\" class=\"alignleft size-fusion400 wp-image-553\" src=\"https:\/\/paivitys.rauhanyhdistys.fi\/oulunsalo\/wp-content\/uploads\/sites\/92\/2025\/10\/20250901_203610-pystykoolaus-aloitettu-rotated.jpg\" alt=\"\" width=\"300\" srcset=\"https:\/\/paivitys.rauhanyhdistys.fi\/oulunsalo\/wp-content\/uploads\/sites\/92\/2025\/10\/20250901_203610-pystykoolaus-aloitettu-200x267.jpg 200w, https:\/\/paivitys.rauhanyhdistys.fi\/oulunsalo\/wp-content\/uploads\/sites\/92\/2025\/10\/20250901_203610-pystykoolaus-aloitettu-225x300.jpg 225w, https:\/\/paivitys.rauhanyhdistys.fi\/oulunsalo\/wp-content\/uploads\/sites\/92\/2025\/10\/20250901_203610-pystykoolaus-aloitettu-400x533.jpg 400w, https:\/\/paivitys.rauhanyhdistys.fi\/oulunsalo\/wp-content\/uploads\/sites\/92\/2025\/10\/20250901_203610-pystykoolaus-aloitettu-600x800.jpg 600w, https:\/\/paivitys.rauhanyhdistys.fi\/oulunsalo\/wp-content\/uploads\/sites\/92\/2025\/10\/20250901_203610-pystykoolaus-aloitettu-768x1024.jpg 768w, https:\/\/paivitys.rauhanyhdistys.fi\/oulunsalo\/wp-content\/uploads\/sites\/92\/2025\/10\/20250901_203610-pystykoolaus-aloitettu-800x1067.jpg 800w, https:\/\/paivitys.rauhanyhdistys.fi\/oulunsalo\/wp-content\/uploads\/sites\/92\/2025\/10\/20250901_203610-pystykoolaus-aloitettu-rotated.jpg 900w\" sizes=\"(max-width: 900px) 100vw, 900px\" \/><img decoding=\"async\" class=\"alignleft size-full wp-image-534\" src=\"https:\/\/paivitys.rauhanyhdistys.fi\/oulunsalo\/wp-content\/uploads\/sites\/92\/2025\/10\/20250902_203003-ulkoverhousta-rotated.jpg\" alt=\"\" width=\"300\" srcset=\"https:\/\/paivitys.rauhanyhdistys.fi\/oulunsalo\/wp-content\/uploads\/sites\/92\/2025\/10\/20250902_203003-ulkoverhousta-200x267.jpg 200w, https:\/\/paivitys.rauhanyhdistys.fi\/oulunsalo\/wp-content\/uploads\/sites\/92\/2025\/10\/20250902_203003-ulkoverhousta-225x300.jpg 225w, https:\/\/paivitys.rauhanyhdistys.fi\/oulunsalo\/wp-content\/uploads\/sites\/92\/2025\/10\/20250902_203003-ulkoverhousta-400x533.jpg 400w, https:\/\/paivitys.rauhanyhdistys.fi\/oulunsalo\/wp-content\/uploads\/sites\/92\/2025\/10\/20250902_203003-ulkoverhousta-600x800.jpg 600w, https:\/\/paivitys.rauhanyhdistys.fi\/oulunsalo\/wp-content\/uploads\/sites\/92\/2025\/10\/20250902_203003-ulkoverhousta-768x1024.jpg 768w, https:\/\/paivitys.rauhanyhdistys.fi\/oulunsalo\/wp-content\/uploads\/sites\/92\/2025\/10\/20250902_203003-ulkoverhousta-800x1067.jpg 800w, https:\/\/paivitys.rauhanyhdistys.fi\/oulunsalo\/wp-content\/uploads\/sites\/92\/2025\/10\/20250902_203003-ulkoverhousta-rotated.jpg 900w\" sizes=\"(max-width: 900px) 100vw, 900px\" \/><img decoding=\"async\" class=\"alignleft size-full wp-image-535\" src=\"https:\/\/paivitys.rauhanyhdistys.fi\/oulunsalo\/wp-content\/uploads\/sites\/92\/2025\/10\/20250903_193502-sisalta-vaakakoolaus-rotated.jpg\" alt=\"\" width=\"300\" srcset=\"https:\/\/paivitys.rauhanyhdistys.fi\/oulunsalo\/wp-content\/uploads\/sites\/92\/2025\/10\/20250903_193502-sisalta-vaakakoolaus-200x267.jpg 200w, https:\/\/paivitys.rauhanyhdistys.fi\/oulunsalo\/wp-content\/uploads\/sites\/92\/2025\/10\/20250903_193502-sisalta-vaakakoolaus-225x300.jpg 225w, https:\/\/paivitys.rauhanyhdistys.fi\/oulunsalo\/wp-content\/uploads\/sites\/92\/2025\/10\/20250903_193502-sisalta-vaakakoolaus-400x533.jpg 400w, https:\/\/paivitys.rauhanyhdistys.fi\/oulunsalo\/wp-content\/uploads\/sites\/92\/2025\/10\/20250903_193502-sisalta-vaakakoolaus-600x800.jpg 600w, https:\/\/paivitys.rauhanyhdistys.fi\/oulunsalo\/wp-content\/uploads\/sites\/92\/2025\/10\/20250903_193502-sisalta-vaakakoolaus-768x1024.jpg 768w, https:\/\/paivitys.rauhanyhdistys.fi\/oulunsalo\/wp-content\/uploads\/sites\/92\/2025\/10\/20250903_193502-sisalta-vaakakoolaus-800x1067.jpg 800w, https:\/\/paivitys.rauhanyhdistys.fi\/oulunsalo\/wp-content\/uploads\/sites\/92\/2025\/10\/20250903_193502-sisalta-vaakakoolaus-rotated.jpg 900w\" sizes=\"(max-width: 900px) 100vw, 900px\" \/><br \/><br style=\"clear: both;\"><\/p>\n<p>Syyskuun puoliv\u00e4liss\u00e4 laitettiin sis\u00e4puolelle ekovilla eristeet ja pystykoolaukset sis\u00e4paneeleita varten. Heti per\u00e4\u00e4n s\u00e4hk\u00f6miehet asensivat s\u00e4hk\u00f6johdot ja keskuksen.<\/p>\n<p><img decoding=\"async\" class=\"alignleft size-full wp-image-552\" src=\"https:\/\/paivitys.rauhanyhdistys.fi\/oulunsalo\/wp-content\/uploads\/sites\/92\/2025\/10\/20250904_193222_sisapuolen-ekovilla-ja-pystykoolaus-rotated.jpg\" alt=\"\" width=\"300\" srcset=\"https:\/\/paivitys.rauhanyhdistys.fi\/oulunsalo\/wp-content\/uploads\/sites\/92\/2025\/10\/20250904_193222_sisapuolen-ekovilla-ja-pystykoolaus-200x267.jpg 200w, https:\/\/paivitys.rauhanyhdistys.fi\/oulunsalo\/wp-content\/uploads\/sites\/92\/2025\/10\/20250904_193222_sisapuolen-ekovilla-ja-pystykoolaus-225x300.jpg 225w, https:\/\/paivitys.rauhanyhdistys.fi\/oulunsalo\/wp-content\/uploads\/sites\/92\/2025\/10\/20250904_193222_sisapuolen-ekovilla-ja-pystykoolaus-400x533.jpg 400w, https:\/\/paivitys.rauhanyhdistys.fi\/oulunsalo\/wp-content\/uploads\/sites\/92\/2025\/10\/20250904_193222_sisapuolen-ekovilla-ja-pystykoolaus-600x800.jpg 600w, https:\/\/paivitys.rauhanyhdistys.fi\/oulunsalo\/wp-content\/uploads\/sites\/92\/2025\/10\/20250904_193222_sisapuolen-ekovilla-ja-pystykoolaus-768x1024.jpg 768w, https:\/\/paivitys.rauhanyhdistys.fi\/oulunsalo\/wp-content\/uploads\/sites\/92\/2025\/10\/20250904_193222_sisapuolen-ekovilla-ja-pystykoolaus-800x1067.jpg 800w, https:\/\/paivitys.rauhanyhdistys.fi\/oulunsalo\/wp-content\/uploads\/sites\/92\/2025\/10\/20250904_193222_sisapuolen-ekovilla-ja-pystykoolaus-rotated.jpg 900w\" sizes=\"(max-width: 900px) 100vw, 900px\" \/><img decoding=\"async\" class=\"alignleft size-full wp-image-538\" src=\"https:\/\/paivitys.rauhanyhdistys.fi\/oulunsalo\/wp-content\/uploads\/sites\/92\/2025\/10\/20250925_162722_sahkokeskus_asennettu-rotated.jpg\" alt=\"\" width=\"300\" srcset=\"https:\/\/paivitys.rauhanyhdistys.fi\/oulunsalo\/wp-content\/uploads\/sites\/92\/2025\/10\/20250925_162722_sahkokeskus_asennettu-200x267.jpg 200w, https:\/\/paivitys.rauhanyhdistys.fi\/oulunsalo\/wp-content\/uploads\/sites\/92\/2025\/10\/20250925_162722_sahkokeskus_asennettu-225x300.jpg 225w, https:\/\/paivitys.rauhanyhdistys.fi\/oulunsalo\/wp-content\/uploads\/sites\/92\/2025\/10\/20250925_162722_sahkokeskus_asennettu-400x533.jpg 400w, https:\/\/paivitys.rauhanyhdistys.fi\/oulunsalo\/wp-content\/uploads\/sites\/92\/2025\/10\/20250925_162722_sahkokeskus_asennettu-600x800.jpg 600w, https:\/\/paivitys.rauhanyhdistys.fi\/oulunsalo\/wp-content\/uploads\/sites\/92\/2025\/10\/20250925_162722_sahkokeskus_asennettu-768x1024.jpg 768w, https:\/\/paivitys.rauhanyhdistys.fi\/oulunsalo\/wp-content\/uploads\/sites\/92\/2025\/10\/20250925_162722_sahkokeskus_asennettu-800x1067.jpg 800w, https:\/\/paivitys.rauhanyhdistys.fi\/oulunsalo\/wp-content\/uploads\/sites\/92\/2025\/10\/20250925_162722_sahkokeskus_asennettu-1152x1536.jpg 1152w, https:\/\/paivitys.rauhanyhdistys.fi\/oulunsalo\/wp-content\/uploads\/sites\/92\/2025\/10\/20250925_162722_sahkokeskus_asennettu-1200x1600.jpg 1200w, https:\/\/paivitys.rauhanyhdistys.fi\/oulunsalo\/wp-content\/uploads\/sites\/92\/2025\/10\/20250925_162722_sahkokeskus_asennettu-1536x2048.jpg 1536w, https:\/\/paivitys.rauhanyhdistys.fi\/oulunsalo\/wp-content\/uploads\/sites\/92\/2025\/10\/20250925_162722_sahkokeskus_asennettu-rotated.jpg 1734w\" sizes=\"(max-width: 1734px) 100vw, 1734px\" \/><br \/><br style=\"clear: both;\"><\/p>\n<p>Sis\u00e4paneelien lakkaus ja panelointi aloitettiin syyskuun viimeisell\u00e4 viikolla.<\/p>\n<p><img decoding=\"async\" class=\"alignleft size-full wp-image-540\" src=\"https:\/\/paivitys.rauhanyhdistys.fi\/oulunsalo\/wp-content\/uploads\/sites\/92\/2025\/10\/20250927_113955_panelointi_aloitettu-rotated.jpg\" alt=\"\" width=\"326\" srcset=\"https:\/\/paivitys.rauhanyhdistys.fi\/oulunsalo\/wp-content\/uploads\/sites\/92\/2025\/10\/20250927_113955_panelointi_aloitettu-200x267.jpg 200w, https:\/\/paivitys.rauhanyhdistys.fi\/oulunsalo\/wp-content\/uploads\/sites\/92\/2025\/10\/20250927_113955_panelointi_aloitettu-225x300.jpg 225w, https:\/\/paivitys.rauhanyhdistys.fi\/oulunsalo\/wp-content\/uploads\/sites\/92\/2025\/10\/20250927_113955_panelointi_aloitettu-400x533.jpg 400w, https:\/\/paivitys.rauhanyhdistys.fi\/oulunsalo\/wp-content\/uploads\/sites\/92\/2025\/10\/20250927_113955_panelointi_aloitettu-600x800.jpg 600w, https:\/\/paivitys.rauhanyhdistys.fi\/oulunsalo\/wp-content\/uploads\/sites\/92\/2025\/10\/20250927_113955_panelointi_aloitettu-768x1024.jpg 768w, https:\/\/paivitys.rauhanyhdistys.fi\/oulunsalo\/wp-content\/uploads\/sites\/92\/2025\/10\/20250927_113955_panelointi_aloitettu-800x1067.jpg 800w, https:\/\/paivitys.rauhanyhdistys.fi\/oulunsalo\/wp-content\/uploads\/sites\/92\/2025\/10\/20250927_113955_panelointi_aloitettu-rotated.jpg 900w\" sizes=\"(max-width: 900px) 100vw, 900px\" \/><img decoding=\"async\" class=\"alignleft size-full wp-image-539\" src=\"https:\/\/paivitys.rauhanyhdistys.fi\/oulunsalo\/wp-content\/uploads\/sites\/92\/2025\/10\/20250925_162759_panelien_lakkaus.jpg\" alt=\"\" width=\"580\" srcset=\"https:\/\/paivitys.rauhanyhdistys.fi\/oulunsalo\/wp-content\/uploads\/sites\/92\/2025\/10\/20250925_162759_panelien_lakkaus-200x150.jpg 200w, https:\/\/paivitys.rauhanyhdistys.fi\/oulunsalo\/wp-content\/uploads\/sites\/92\/2025\/10\/20250925_162759_panelien_lakkaus-300x225.jpg 300w, https:\/\/paivitys.rauhanyhdistys.fi\/oulunsalo\/wp-content\/uploads\/sites\/92\/2025\/10\/20250925_162759_panelien_lakkaus-400x300.jpg 400w, https:\/\/paivitys.rauhanyhdistys.fi\/oulunsalo\/wp-content\/uploads\/sites\/92\/2025\/10\/20250925_162759_panelien_lakkaus-600x450.jpg 600w, https:\/\/paivitys.rauhanyhdistys.fi\/oulunsalo\/wp-content\/uploads\/sites\/92\/2025\/10\/20250925_162759_panelien_lakkaus-768x576.jpg 768w, https:\/\/paivitys.rauhanyhdistys.fi\/oulunsalo\/wp-content\/uploads\/sites\/92\/2025\/10\/20250925_162759_panelien_lakkaus-800x600.jpg 800w, https:\/\/paivitys.rauhanyhdistys.fi\/oulunsalo\/wp-content\/uploads\/sites\/92\/2025\/10\/20250925_162759_panelien_lakkaus-1024x768.jpg 1024w, https:\/\/paivitys.rauhanyhdistys.fi\/oulunsalo\/wp-content\/uploads\/sites\/92\/2025\/10\/20250925_162759_panelien_lakkaus-1200x900.jpg 1200w, https:\/\/paivitys.rauhanyhdistys.fi\/oulunsalo\/wp-content\/uploads\/sites\/92\/2025\/10\/20250925_162759_panelien_lakkaus-1536x1152.jpg 1536w, https:\/\/paivitys.rauhanyhdistys.fi\/oulunsalo\/wp-content\/uploads\/sites\/92\/2025\/10\/20250925_162759_panelien_lakkaus.jpg 2312w\" sizes=\"(max-width: 2312px) 100vw, 2312px\" \/><br \/><br style=\"clear: both;\"><\/p>\n<p>Syyssateiden takia ulkopuolen viimeistely oli hidasta runsaiden sateiden vuoksi, ainakin viikko meni odotellessa. Ulkoverhous ja sis\u00e4\u00e4ntulokatoksen runko saatiin kuitenkin valmiiksi syyskuun loppuun menness\u00e4.<\/p>\n<p><img decoding=\"async\" class=\"alignleft size-full wp-image-537\" src=\"https:\/\/paivitys.rauhanyhdistys.fi\/oulunsalo\/wp-content\/uploads\/sites\/92\/2025\/10\/20250924_190349_ikkunanpielet-ja-nurkkalaudat-rotated.jpg\" alt=\"\" width=\"400\" srcset=\"https:\/\/paivitys.rauhanyhdistys.fi\/oulunsalo\/wp-content\/uploads\/sites\/92\/2025\/10\/20250924_190349_ikkunanpielet-ja-nurkkalaudat-200x267.jpg 200w, https:\/\/paivitys.rauhanyhdistys.fi\/oulunsalo\/wp-content\/uploads\/sites\/92\/2025\/10\/20250924_190349_ikkunanpielet-ja-nurkkalaudat-225x300.jpg 225w, https:\/\/paivitys.rauhanyhdistys.fi\/oulunsalo\/wp-content\/uploads\/sites\/92\/2025\/10\/20250924_190349_ikkunanpielet-ja-nurkkalaudat-400x533.jpg 400w, https:\/\/paivitys.rauhanyhdistys.fi\/oulunsalo\/wp-content\/uploads\/sites\/92\/2025\/10\/20250924_190349_ikkunanpielet-ja-nurkkalaudat-600x800.jpg 600w, https:\/\/paivitys.rauhanyhdistys.fi\/oulunsalo\/wp-content\/uploads\/sites\/92\/2025\/10\/20250924_190349_ikkunanpielet-ja-nurkkalaudat-768x1024.jpg 768w, https:\/\/paivitys.rauhanyhdistys.fi\/oulunsalo\/wp-content\/uploads\/sites\/92\/2025\/10\/20250924_190349_ikkunanpielet-ja-nurkkalaudat-800x1067.jpg 800w, https:\/\/paivitys.rauhanyhdistys.fi\/oulunsalo\/wp-content\/uploads\/sites\/92\/2025\/10\/20250924_190349_ikkunanpielet-ja-nurkkalaudat-rotated.jpg 900w\" sizes=\"(max-width: 900px) 100vw, 900px\" \/><img decoding=\"async\" class=\"alignleft size-full wp-image-536\" src=\"https:\/\/paivitys.rauhanyhdistys.fi\/oulunsalo\/wp-content\/uploads\/sites\/92\/2025\/10\/20250920_180120_sisaantulokatoksen-runko-rotated.jpg\" alt=\"\" width=\"400\" srcset=\"https:\/\/paivitys.rauhanyhdistys.fi\/oulunsalo\/wp-content\/uploads\/sites\/92\/2025\/10\/20250920_180120_sisaantulokatoksen-runko-200x267.jpg 200w, https:\/\/paivitys.rauhanyhdistys.fi\/oulunsalo\/wp-content\/uploads\/sites\/92\/2025\/10\/20250920_180120_sisaantulokatoksen-runko-225x300.jpg 225w, https:\/\/paivitys.rauhanyhdistys.fi\/oulunsalo\/wp-content\/uploads\/sites\/92\/2025\/10\/20250920_180120_sisaantulokatoksen-runko-400x533.jpg 400w, https:\/\/paivitys.rauhanyhdistys.fi\/oulunsalo\/wp-content\/uploads\/sites\/92\/2025\/10\/20250920_180120_sisaantulokatoksen-runko-600x800.jpg 600w, https:\/\/paivitys.rauhanyhdistys.fi\/oulunsalo\/wp-content\/uploads\/sites\/92\/2025\/10\/20250920_180120_sisaantulokatoksen-runko-768x1024.jpg 768w, https:\/\/paivitys.rauhanyhdistys.fi\/oulunsalo\/wp-content\/uploads\/sites\/92\/2025\/10\/20250920_180120_sisaantulokatoksen-runko-800x1067.jpg 800w, https:\/\/paivitys.rauhanyhdistys.fi\/oulunsalo\/wp-content\/uploads\/sites\/92\/2025\/10\/20250920_180120_sisaantulokatoksen-runko-rotated.jpg 900w\" sizes=\"(max-width: 900px) 100vw, 900px\" \/><br \/><br style=\"clear: both;\"><\/p>\n<p>Lokakuun alussa sis\u00e4puolella alkoi n\u00e4ytt\u00e4\u00e4 valmiilta, kun panelointi ja katon listoitukset saatiin p\u00e4\u00e4t\u00f6kseen. Takaovikin oli asennettu paikalleen.<\/p>\n<p><img decoding=\"async\" class=\"alignleft size-full wp-image-542\" src=\"https:\/\/paivitys.rauhanyhdistys.fi\/oulunsalo\/wp-content\/uploads\/sites\/92\/2025\/10\/20251008_201908_kattolistat_valmis-rotated.jpg\" alt=\"\" width=\"360\" srcset=\"https:\/\/paivitys.rauhanyhdistys.fi\/oulunsalo\/wp-content\/uploads\/sites\/92\/2025\/10\/20251008_201908_kattolistat_valmis-200x267.jpg 200w, https:\/\/paivitys.rauhanyhdistys.fi\/oulunsalo\/wp-content\/uploads\/sites\/92\/2025\/10\/20251008_201908_kattolistat_valmis-225x300.jpg 225w, https:\/\/paivitys.rauhanyhdistys.fi\/oulunsalo\/wp-content\/uploads\/sites\/92\/2025\/10\/20251008_201908_kattolistat_valmis-400x533.jpg 400w, https:\/\/paivitys.rauhanyhdistys.fi\/oulunsalo\/wp-content\/uploads\/sites\/92\/2025\/10\/20251008_201908_kattolistat_valmis-600x800.jpg 600w, https:\/\/paivitys.rauhanyhdistys.fi\/oulunsalo\/wp-content\/uploads\/sites\/92\/2025\/10\/20251008_201908_kattolistat_valmis-768x1024.jpg 768w, https:\/\/paivitys.rauhanyhdistys.fi\/oulunsalo\/wp-content\/uploads\/sites\/92\/2025\/10\/20251008_201908_kattolistat_valmis-800x1067.jpg 800w, https:\/\/paivitys.rauhanyhdistys.fi\/oulunsalo\/wp-content\/uploads\/sites\/92\/2025\/10\/20251008_201908_kattolistat_valmis-1152x1536.jpg 1152w, https:\/\/paivitys.rauhanyhdistys.fi\/oulunsalo\/wp-content\/uploads\/sites\/92\/2025\/10\/20251008_201908_kattolistat_valmis-1200x1600.jpg 1200w, https:\/\/paivitys.rauhanyhdistys.fi\/oulunsalo\/wp-content\/uploads\/sites\/92\/2025\/10\/20251008_201908_kattolistat_valmis-1536x2048.jpg 1536w, https:\/\/paivitys.rauhanyhdistys.fi\/oulunsalo\/wp-content\/uploads\/sites\/92\/2025\/10\/20251008_201908_kattolistat_valmis-rotated.jpg 1734w\" sizes=\"(max-width: 1734px) 100vw, 1734px\" \/><img decoding=\"async\" class=\"alignleft size-full wp-image-541\" src=\"https:\/\/paivitys.rauhanyhdistys.fi\/oulunsalo\/wp-content\/uploads\/sites\/92\/2025\/10\/20251007_185705_panelointi_valmis-rotated.jpg\" alt=\"\" width=\"360\" srcset=\"https:\/\/paivitys.rauhanyhdistys.fi\/oulunsalo\/wp-content\/uploads\/sites\/92\/2025\/10\/20251007_185705_panelointi_valmis-200x267.jpg 200w, https:\/\/paivitys.rauhanyhdistys.fi\/oulunsalo\/wp-content\/uploads\/sites\/92\/2025\/10\/20251007_185705_panelointi_valmis-225x300.jpg 225w, https:\/\/paivitys.rauhanyhdistys.fi\/oulunsalo\/wp-content\/uploads\/sites\/92\/2025\/10\/20251007_185705_panelointi_valmis-400x533.jpg 400w, https:\/\/paivitys.rauhanyhdistys.fi\/oulunsalo\/wp-content\/uploads\/sites\/92\/2025\/10\/20251007_185705_panelointi_valmis-600x800.jpg 600w, https:\/\/paivitys.rauhanyhdistys.fi\/oulunsalo\/wp-content\/uploads\/sites\/92\/2025\/10\/20251007_185705_panelointi_valmis-768x1024.jpg 768w, https:\/\/paivitys.rauhanyhdistys.fi\/oulunsalo\/wp-content\/uploads\/sites\/92\/2025\/10\/20251007_185705_panelointi_valmis-800x1067.jpg 800w, https:\/\/paivitys.rauhanyhdistys.fi\/oulunsalo\/wp-content\/uploads\/sites\/92\/2025\/10\/20251007_185705_panelointi_valmis-1152x1536.jpg 1152w, https:\/\/paivitys.rauhanyhdistys.fi\/oulunsalo\/wp-content\/uploads\/sites\/92\/2025\/10\/20251007_185705_panelointi_valmis-1200x1600.jpg 1200w, https:\/\/paivitys.rauhanyhdistys.fi\/oulunsalo\/wp-content\/uploads\/sites\/92\/2025\/10\/20251007_185705_panelointi_valmis-1536x2048.jpg 1536w, https:\/\/paivitys.rauhanyhdistys.fi\/oulunsalo\/wp-content\/uploads\/sites\/92\/2025\/10\/20251007_185705_panelointi_valmis-rotated.jpg 1734w\" sizes=\"(max-width: 1734px) 100vw, 1734px\" \/><br \/><br style=\"clear: both;\"><\/p>\n<p>Ulkopuolella alkoi terassin ja invaluiskan teko. P\u00e4\u00e4ovi asennettiin paikalleen porukalla, painoa on sen verran, ettei kaksi miest\u00e4 riitt\u00e4nyt nostamaan. Nyt ei en\u00e4\u00e4 l\u00e4mp\u00f6 karkaa.<\/p>\n<p><img decoding=\"async\" class=\"alignnone size-full wp-image-546\" src=\"https:\/\/paivitys.rauhanyhdistys.fi\/oulunsalo\/wp-content\/uploads\/sites\/92\/2025\/10\/20251011_163840_terassi-rotated.jpg\" alt=\"\" width=\"400\" srcset=\"https:\/\/paivitys.rauhanyhdistys.fi\/oulunsalo\/wp-content\/uploads\/sites\/92\/2025\/10\/20251011_163840_terassi-200x267.jpg 200w, https:\/\/paivitys.rauhanyhdistys.fi\/oulunsalo\/wp-content\/uploads\/sites\/92\/2025\/10\/20251011_163840_terassi-225x300.jpg 225w, https:\/\/paivitys.rauhanyhdistys.fi\/oulunsalo\/wp-content\/uploads\/sites\/92\/2025\/10\/20251011_163840_terassi-400x533.jpg 400w, https:\/\/paivitys.rauhanyhdistys.fi\/oulunsalo\/wp-content\/uploads\/sites\/92\/2025\/10\/20251011_163840_terassi-600x800.jpg 600w, https:\/\/paivitys.rauhanyhdistys.fi\/oulunsalo\/wp-content\/uploads\/sites\/92\/2025\/10\/20251011_163840_terassi-768x1024.jpg 768w, https:\/\/paivitys.rauhanyhdistys.fi\/oulunsalo\/wp-content\/uploads\/sites\/92\/2025\/10\/20251011_163840_terassi-800x1067.jpg 800w, https:\/\/paivitys.rauhanyhdistys.fi\/oulunsalo\/wp-content\/uploads\/sites\/92\/2025\/10\/20251011_163840_terassi-1152x1536.jpg 1152w, https:\/\/paivitys.rauhanyhdistys.fi\/oulunsalo\/wp-content\/uploads\/sites\/92\/2025\/10\/20251011_163840_terassi-1200x1600.jpg 1200w, https:\/\/paivitys.rauhanyhdistys.fi\/oulunsalo\/wp-content\/uploads\/sites\/92\/2025\/10\/20251011_163840_terassi-1536x2048.jpg 1536w, https:\/\/paivitys.rauhanyhdistys.fi\/oulunsalo\/wp-content\/uploads\/sites\/92\/2025\/10\/20251011_163840_terassi-rotated.jpg 1734w\" sizes=\"(max-width: 1734px) 100vw, 1734px\" \/><\/p>\n<p>Piippu, savukaasuimuri ja tulisija asennettiin ennen lokakuun puolta v\u00e4li\u00e4. Todettiin, ett\u00e4 savu poistuu oikeaa reitti\u00e4.<\/p>\n<p><img decoding=\"async\" class=\"alignleft size-full wp-image-543\" src=\"https:\/\/paivitys.rauhanyhdistys.fi\/oulunsalo\/wp-content\/uploads\/sites\/92\/2025\/10\/20251011_095502_piipun-nosto.jpg\" alt=\"\" width=\"300\" srcset=\"https:\/\/paivitys.rauhanyhdistys.fi\/oulunsalo\/wp-content\/uploads\/sites\/92\/2025\/10\/20251011_095502_piipun-nosto-200x267.jpg 200w, https:\/\/paivitys.rauhanyhdistys.fi\/oulunsalo\/wp-content\/uploads\/sites\/92\/2025\/10\/20251011_095502_piipun-nosto-225x300.jpg 225w, https:\/\/paivitys.rauhanyhdistys.fi\/oulunsalo\/wp-content\/uploads\/sites\/92\/2025\/10\/20251011_095502_piipun-nosto-400x533.jpg 400w, https:\/\/paivitys.rauhanyhdistys.fi\/oulunsalo\/wp-content\/uploads\/sites\/92\/2025\/10\/20251011_095502_piipun-nosto-600x800.jpg 600w, https:\/\/paivitys.rauhanyhdistys.fi\/oulunsalo\/wp-content\/uploads\/sites\/92\/2025\/10\/20251011_095502_piipun-nosto-768x1024.jpg 768w, https:\/\/paivitys.rauhanyhdistys.fi\/oulunsalo\/wp-content\/uploads\/sites\/92\/2025\/10\/20251011_095502_piipun-nosto-800x1067.jpg 800w, https:\/\/paivitys.rauhanyhdistys.fi\/oulunsalo\/wp-content\/uploads\/sites\/92\/2025\/10\/20251011_095502_piipun-nosto.jpg 900w\" sizes=\"(max-width: 900px) 100vw, 900px\" \/><img decoding=\"async\" class=\"alignleft size-full wp-image-544\" src=\"https:\/\/paivitys.rauhanyhdistys.fi\/oulunsalo\/wp-content\/uploads\/sites\/92\/2025\/10\/20251011_100159_piipun_nosto_2-rotated.jpg\" alt=\"\" width=\"300\" srcset=\"https:\/\/paivitys.rauhanyhdistys.fi\/oulunsalo\/wp-content\/uploads\/sites\/92\/2025\/10\/20251011_100159_piipun_nosto_2-200x267.jpg 200w, https:\/\/paivitys.rauhanyhdistys.fi\/oulunsalo\/wp-content\/uploads\/sites\/92\/2025\/10\/20251011_100159_piipun_nosto_2-225x300.jpg 225w, https:\/\/paivitys.rauhanyhdistys.fi\/oulunsalo\/wp-content\/uploads\/sites\/92\/2025\/10\/20251011_100159_piipun_nosto_2-400x533.jpg 400w, https:\/\/paivitys.rauhanyhdistys.fi\/oulunsalo\/wp-content\/uploads\/sites\/92\/2025\/10\/20251011_100159_piipun_nosto_2-600x800.jpg 600w, https:\/\/paivitys.rauhanyhdistys.fi\/oulunsalo\/wp-content\/uploads\/sites\/92\/2025\/10\/20251011_100159_piipun_nosto_2-768x1024.jpg 768w, https:\/\/paivitys.rauhanyhdistys.fi\/oulunsalo\/wp-content\/uploads\/sites\/92\/2025\/10\/20251011_100159_piipun_nosto_2-800x1067.jpg 800w, https:\/\/paivitys.rauhanyhdistys.fi\/oulunsalo\/wp-content\/uploads\/sites\/92\/2025\/10\/20251011_100159_piipun_nosto_2-1152x1536.jpg 1152w, https:\/\/paivitys.rauhanyhdistys.fi\/oulunsalo\/wp-content\/uploads\/sites\/92\/2025\/10\/20251011_100159_piipun_nosto_2-1200x1600.jpg 1200w, https:\/\/paivitys.rauhanyhdistys.fi\/oulunsalo\/wp-content\/uploads\/sites\/92\/2025\/10\/20251011_100159_piipun_nosto_2-1536x2048.jpg 1536w, https:\/\/paivitys.rauhanyhdistys.fi\/oulunsalo\/wp-content\/uploads\/sites\/92\/2025\/10\/20251011_100159_piipun_nosto_2-rotated.jpg 1734w\" sizes=\"(max-width: 1734px) 100vw, 1734px\" \/><img decoding=\"async\" class=\"alignleft size-full wp-image-545\" src=\"https:\/\/paivitys.rauhanyhdistys.fi\/oulunsalo\/wp-content\/uploads\/sites\/92\/2025\/10\/20251011_152255_piippu-ja-tulisija-valmis-rotated.jpg\" alt=\"\" width=\"300\" srcset=\"https:\/\/paivitys.rauhanyhdistys.fi\/oulunsalo\/wp-content\/uploads\/sites\/92\/2025\/10\/20251011_152255_piippu-ja-tulisija-valmis-200x267.jpg 200w, https:\/\/paivitys.rauhanyhdistys.fi\/oulunsalo\/wp-content\/uploads\/sites\/92\/2025\/10\/20251011_152255_piippu-ja-tulisija-valmis-225x300.jpg 225w, https:\/\/paivitys.rauhanyhdistys.fi\/oulunsalo\/wp-content\/uploads\/sites\/92\/2025\/10\/20251011_152255_piippu-ja-tulisija-valmis-400x533.jpg 400w, https:\/\/paivitys.rauhanyhdistys.fi\/oulunsalo\/wp-content\/uploads\/sites\/92\/2025\/10\/20251011_152255_piippu-ja-tulisija-valmis-600x800.jpg 600w, https:\/\/paivitys.rauhanyhdistys.fi\/oulunsalo\/wp-content\/uploads\/sites\/92\/2025\/10\/20251011_152255_piippu-ja-tulisija-valmis-768x1024.jpg 768w, https:\/\/paivitys.rauhanyhdistys.fi\/oulunsalo\/wp-content\/uploads\/sites\/92\/2025\/10\/20251011_152255_piippu-ja-tulisija-valmis-800x1067.jpg 800w, https:\/\/paivitys.rauhanyhdistys.fi\/oulunsalo\/wp-content\/uploads\/sites\/92\/2025\/10\/20251011_152255_piippu-ja-tulisija-valmis-1152x1536.jpg 1152w, https:\/\/paivitys.rauhanyhdistys.fi\/oulunsalo\/wp-content\/uploads\/sites\/92\/2025\/10\/20251011_152255_piippu-ja-tulisija-valmis-1200x1600.jpg 1200w, https:\/\/paivitys.rauhanyhdistys.fi\/oulunsalo\/wp-content\/uploads\/sites\/92\/2025\/10\/20251011_152255_piippu-ja-tulisija-valmis-1536x2048.jpg 1536w, https:\/\/paivitys.rauhanyhdistys.fi\/oulunsalo\/wp-content\/uploads\/sites\/92\/2025\/10\/20251011_152255_piippu-ja-tulisija-valmis-rotated.jpg 1734w\" sizes=\"(max-width: 1734px) 100vw, 1734px\" \/><br \/><br style=\"clear: both;\"><\/p>\n<p>Puusep\u00e4ntaitoiset miehet tekiv\u00e4t p\u00f6yd\u00e4t ja tarjoiluvaunut valmiista m\u00e4ntylevyst\u00e4 parissa illassa ja toimittivat ne kodalle. Kalusteet k\u00e4siteltiin Osmocolorin vahalla. Terassi ja invaluiska valmistuivat lokakuun puoliv\u00e4lin j\u00e4lkeen.<\/p>\n<p><img decoding=\"async\" class=\"alignleft size-full wp-image-547\" src=\"https:\/\/paivitys.rauhanyhdistys.fi\/oulunsalo\/wp-content\/uploads\/sites\/92\/2025\/10\/20251015_202026_kalusteet-rotated.jpg\" alt=\"\" width=\"300\" srcset=\"https:\/\/paivitys.rauhanyhdistys.fi\/oulunsalo\/wp-content\/uploads\/sites\/92\/2025\/10\/20251015_202026_kalusteet-200x267.jpg 200w, https:\/\/paivitys.rauhanyhdistys.fi\/oulunsalo\/wp-content\/uploads\/sites\/92\/2025\/10\/20251015_202026_kalusteet-225x300.jpg 225w, https:\/\/paivitys.rauhanyhdistys.fi\/oulunsalo\/wp-content\/uploads\/sites\/92\/2025\/10\/20251015_202026_kalusteet-400x533.jpg 400w, https:\/\/paivitys.rauhanyhdistys.fi\/oulunsalo\/wp-content\/uploads\/sites\/92\/2025\/10\/20251015_202026_kalusteet-600x800.jpg 600w, https:\/\/paivitys.rauhanyhdistys.fi\/oulunsalo\/wp-content\/uploads\/sites\/92\/2025\/10\/20251015_202026_kalusteet-768x1024.jpg 768w, https:\/\/paivitys.rauhanyhdistys.fi\/oulunsalo\/wp-content\/uploads\/sites\/92\/2025\/10\/20251015_202026_kalusteet-800x1067.jpg 800w, https:\/\/paivitys.rauhanyhdistys.fi\/oulunsalo\/wp-content\/uploads\/sites\/92\/2025\/10\/20251015_202026_kalusteet-1152x1536.jpg 1152w, https:\/\/paivitys.rauhanyhdistys.fi\/oulunsalo\/wp-content\/uploads\/sites\/92\/2025\/10\/20251015_202026_kalusteet-1200x1600.jpg 1200w, https:\/\/paivitys.rauhanyhdistys.fi\/oulunsalo\/wp-content\/uploads\/sites\/92\/2025\/10\/20251015_202026_kalusteet-1536x2048.jpg 1536w, https:\/\/paivitys.rauhanyhdistys.fi\/oulunsalo\/wp-content\/uploads\/sites\/92\/2025\/10\/20251015_202026_kalusteet-rotated.jpg 1734w\" sizes=\"(max-width: 1734px) 100vw, 1734px\" \/><img decoding=\"async\" class=\"alignleft size-full wp-image-548\" src=\"https:\/\/paivitys.rauhanyhdistys.fi\/oulunsalo\/wp-content\/uploads\/sites\/92\/2025\/10\/20251017_181442_terassi-ja-invaluiska-valmis-rotated.jpg\" alt=\"\" width=\"300\" srcset=\"https:\/\/paivitys.rauhanyhdistys.fi\/oulunsalo\/wp-content\/uploads\/sites\/92\/2025\/10\/20251017_181442_terassi-ja-invaluiska-valmis-200x267.jpg 200w, https:\/\/paivitys.rauhanyhdistys.fi\/oulunsalo\/wp-content\/uploads\/sites\/92\/2025\/10\/20251017_181442_terassi-ja-invaluiska-valmis-225x300.jpg 225w, https:\/\/paivitys.rauhanyhdistys.fi\/oulunsalo\/wp-content\/uploads\/sites\/92\/2025\/10\/20251017_181442_terassi-ja-invaluiska-valmis-400x533.jpg 400w, https:\/\/paivitys.rauhanyhdistys.fi\/oulunsalo\/wp-content\/uploads\/sites\/92\/2025\/10\/20251017_181442_terassi-ja-invaluiska-valmis-600x800.jpg 600w, https:\/\/paivitys.rauhanyhdistys.fi\/oulunsalo\/wp-content\/uploads\/sites\/92\/2025\/10\/20251017_181442_terassi-ja-invaluiska-valmis-768x1024.jpg 768w, https:\/\/paivitys.rauhanyhdistys.fi\/oulunsalo\/wp-content\/uploads\/sites\/92\/2025\/10\/20251017_181442_terassi-ja-invaluiska-valmis-800x1067.jpg 800w, https:\/\/paivitys.rauhanyhdistys.fi\/oulunsalo\/wp-content\/uploads\/sites\/92\/2025\/10\/20251017_181442_terassi-ja-invaluiska-valmis-1152x1536.jpg 1152w, https:\/\/paivitys.rauhanyhdistys.fi\/oulunsalo\/wp-content\/uploads\/sites\/92\/2025\/10\/20251017_181442_terassi-ja-invaluiska-valmis-1200x1600.jpg 1200w, https:\/\/paivitys.rauhanyhdistys.fi\/oulunsalo\/wp-content\/uploads\/sites\/92\/2025\/10\/20251017_181442_terassi-ja-invaluiska-valmis-1536x2048.jpg 1536w, https:\/\/paivitys.rauhanyhdistys.fi\/oulunsalo\/wp-content\/uploads\/sites\/92\/2025\/10\/20251017_181442_terassi-ja-invaluiska-valmis-rotated.jpg 1734w\" sizes=\"(max-width: 1734px) 100vw, 1734px\" \/><br \/><br style=\"clear: both;\"><\/p>\n<p>Lattian k\u00e4sittely\u00e4 varten kota siivottiin, kannettiin kalusteen toimitalon sis\u00e4lle ja muu tavara varastoon.<\/p>\n<p><img decoding=\"async\" class=\"alignnone size-full wp-image-549\" src=\"https:\/\/paivitys.rauhanyhdistys.fi\/oulunsalo\/wp-content\/uploads\/sites\/92\/2025\/10\/20251018_103111_siivottu-lattian-kasittelya-varten-rotated.jpg\" alt=\"\" width=\"300\" srcset=\"https:\/\/paivitys.rauhanyhdistys.fi\/oulunsalo\/wp-content\/uploads\/sites\/92\/2025\/10\/20251018_103111_siivottu-lattian-kasittelya-varten-200x267.jpg 200w, https:\/\/paivitys.rauhanyhdistys.fi\/oulunsalo\/wp-content\/uploads\/sites\/92\/2025\/10\/20251018_103111_siivottu-lattian-kasittelya-varten-225x300.jpg 225w, https:\/\/paivitys.rauhanyhdistys.fi\/oulunsalo\/wp-content\/uploads\/sites\/92\/2025\/10\/20251018_103111_siivottu-lattian-kasittelya-varten-400x533.jpg 400w, https:\/\/paivitys.rauhanyhdistys.fi\/oulunsalo\/wp-content\/uploads\/sites\/92\/2025\/10\/20251018_103111_siivottu-lattian-kasittelya-varten-600x800.jpg 600w, https:\/\/paivitys.rauhanyhdistys.fi\/oulunsalo\/wp-content\/uploads\/sites\/92\/2025\/10\/20251018_103111_siivottu-lattian-kasittelya-varten-768x1024.jpg 768w, https:\/\/paivitys.rauhanyhdistys.fi\/oulunsalo\/wp-content\/uploads\/sites\/92\/2025\/10\/20251018_103111_siivottu-lattian-kasittelya-varten-800x1067.jpg 800w, https:\/\/paivitys.rauhanyhdistys.fi\/oulunsalo\/wp-content\/uploads\/sites\/92\/2025\/10\/20251018_103111_siivottu-lattian-kasittelya-varten-1152x1536.jpg 1152w, https:\/\/paivitys.rauhanyhdistys.fi\/oulunsalo\/wp-content\/uploads\/sites\/92\/2025\/10\/20251018_103111_siivottu-lattian-kasittelya-varten-1200x1600.jpg 1200w, https:\/\/paivitys.rauhanyhdistys.fi\/oulunsalo\/wp-content\/uploads\/sites\/92\/2025\/10\/20251018_103111_siivottu-lattian-kasittelya-varten-1536x2048.jpg 1536w, https:\/\/paivitys.rauhanyhdistys.fi\/oulunsalo\/wp-content\/uploads\/sites\/92\/2025\/10\/20251018_103111_siivottu-lattian-kasittelya-varten-rotated.jpg 1734w\" sizes=\"(max-width: 1734px) 100vw, 1734px\" \/><\/p>\n<p>Lokakuun lopussa kota on sis\u00e4lt\u00e4 valmis k\u00e4ytt\u00f6\u00f6notettavaksi. Liiterikin tuli parissa p\u00e4iv\u00e4ss\u00e4 valmiiksi.<\/p>\n<p><img decoding=\"async\" class=\"alignleft size-full wp-image-550\" src=\"https:\/\/paivitys.rauhanyhdistys.fi\/oulunsalo\/wp-content\/uploads\/sites\/92\/2025\/10\/20251025_083939_lattia-ja-penkit-valmiina-rotated.jpg\" alt=\"\" width=\"300\" srcset=\"https:\/\/paivitys.rauhanyhdistys.fi\/oulunsalo\/wp-content\/uploads\/sites\/92\/2025\/10\/20251025_083939_lattia-ja-penkit-valmiina-200x267.jpg 200w, https:\/\/paivitys.rauhanyhdistys.fi\/oulunsalo\/wp-content\/uploads\/sites\/92\/2025\/10\/20251025_083939_lattia-ja-penkit-valmiina-225x300.jpg 225w, https:\/\/paivitys.rauhanyhdistys.fi\/oulunsalo\/wp-content\/uploads\/sites\/92\/2025\/10\/20251025_083939_lattia-ja-penkit-valmiina-400x533.jpg 400w, https:\/\/paivitys.rauhanyhdistys.fi\/oulunsalo\/wp-content\/uploads\/sites\/92\/2025\/10\/20251025_083939_lattia-ja-penkit-valmiina-600x800.jpg 600w, https:\/\/paivitys.rauhanyhdistys.fi\/oulunsalo\/wp-content\/uploads\/sites\/92\/2025\/10\/20251025_083939_lattia-ja-penkit-valmiina-768x1024.jpg 768w, https:\/\/paivitys.rauhanyhdistys.fi\/oulunsalo\/wp-content\/uploads\/sites\/92\/2025\/10\/20251025_083939_lattia-ja-penkit-valmiina-800x1067.jpg 800w, https:\/\/paivitys.rauhanyhdistys.fi\/oulunsalo\/wp-content\/uploads\/sites\/92\/2025\/10\/20251025_083939_lattia-ja-penkit-valmiina-1152x1536.jpg 1152w, https:\/\/paivitys.rauhanyhdistys.fi\/oulunsalo\/wp-content\/uploads\/sites\/92\/2025\/10\/20251025_083939_lattia-ja-penkit-valmiina-1200x1600.jpg 1200w, https:\/\/paivitys.rauhanyhdistys.fi\/oulunsalo\/wp-content\/uploads\/sites\/92\/2025\/10\/20251025_083939_lattia-ja-penkit-valmiina-1536x2048.jpg 1536w, https:\/\/paivitys.rauhanyhdistys.fi\/oulunsalo\/wp-content\/uploads\/sites\/92\/2025\/10\/20251025_083939_lattia-ja-penkit-valmiina-rotated.jpg 1734w\" sizes=\"(max-width: 1734px) 100vw, 1734px\" \/><img decoding=\"async\" class=\"alignleft size-full wp-image-551\" src=\"https:\/\/paivitys.rauhanyhdistys.fi\/oulunsalo\/wp-content\/uploads\/sites\/92\/2025\/10\/20251025_Liiteri.jpg\" alt=\"\" width=\"300\" srcset=\"https:\/\/paivitys.rauhanyhdistys.fi\/oulunsalo\/wp-content\/uploads\/sites\/92\/2025\/10\/20251025_Liiteri-200x267.jpg 200w, https:\/\/paivitys.rauhanyhdistys.fi\/oulunsalo\/wp-content\/uploads\/sites\/92\/2025\/10\/20251025_Liiteri-225x300.jpg 225w, https:\/\/paivitys.rauhanyhdistys.fi\/oulunsalo\/wp-content\/uploads\/sites\/92\/2025\/10\/20251025_Liiteri-400x533.jpg 400w, https:\/\/paivitys.rauhanyhdistys.fi\/oulunsalo\/wp-content\/uploads\/sites\/92\/2025\/10\/20251025_Liiteri-600x800.jpg 600w, https:\/\/paivitys.rauhanyhdistys.fi\/oulunsalo\/wp-content\/uploads\/sites\/92\/2025\/10\/20251025_Liiteri-768x1024.jpg 768w, https:\/\/paivitys.rauhanyhdistys.fi\/oulunsalo\/wp-content\/uploads\/sites\/92\/2025\/10\/20251025_Liiteri-800x1067.jpg 800w, https:\/\/paivitys.rauhanyhdistys.fi\/oulunsalo\/wp-content\/uploads\/sites\/92\/2025\/10\/20251025_Liiteri-1152x1536.jpg 1152w, https:\/\/paivitys.rauhanyhdistys.fi\/oulunsalo\/wp-content\/uploads\/sites\/92\/2025\/10\/20251025_Liiteri.jpg 1200w\" sizes=\"(max-width: 1200px) 100vw, 1200px\" \/><br \/><br style=\"clear: both;\"><\/p>\n<p>Kodan ulkoverhouksen ja h\u00e4t\u00e4poistumistien portaiden viimeistely, lukkojen ja sadevesir\u00e4nnien asennukset pit\u00e4\u00e4 viel\u00e4 hoitaa ennen lopputarkastusta.<\/p>\n<\/div><\/div><\/div><\/div><\/div><\/div><\/div><\/p>\n","protected":false},"excerpt":{"rendered":"","protected":false},"author":126,"featured_media":0,"parent":0,"menu_order":0,"comment_status":"closed","ping_status":"closed","template":"","meta":{"footnotes":""},"class_list":["post-431","page","type-page","status-publish","hentry"],"_links":{"self":[{"href":"https:\/\/paivitys.rauhanyhdistys.fi\/oulunsalo\/wp-json\/wp\/v2\/pages\/431","targetHints":{"allow":["GET"]}}],"collection":[{"href":"https:\/\/paivitys.rauhanyhdistys.fi\/oulunsalo\/wp-json\/wp\/v2\/pages"}],"about":[{"href":"https:\/\/paivitys.rauhanyhdistys.fi\/oulunsalo\/wp-json\/wp\/v2\/types\/page"}],"author":[{"embeddable":true,"href":"https:\/\/paivitys.rauhanyhdistys.fi\/oulunsalo\/wp-json\/wp\/v2\/users\/126"}],"replies":[{"embeddable":true,"href":"https:\/\/paivitys.rauhanyhdistys.fi\/oulunsalo\/wp-json\/wp\/v2\/comments?post=431"}],"version-history":[{"count":26,"href":"https:\/\/paivitys.rauhanyhdistys.fi\/oulunsalo\/wp-json\/wp\/v2\/pages\/431\/revisions"}],"predecessor-version":[{"id":562,"href":"https:\/\/paivitys.rauhanyhdistys.fi\/oulunsalo\/wp-json\/wp\/v2\/pages\/431\/revisions\/562"}],"wp:attachment":[{"href":"https:\/\/paivitys.rauhanyhdistys.fi\/oulunsalo\/wp-json\/wp\/v2\/media?parent=431"}],"curies":[{"name":"wp","href":"https:\/\/api.w.org\/{rel}","templated":true}]}}