{"id":15,"date":"2017-12-13T14:06:19","date_gmt":"2017-12-13T12:06:19","guid":{"rendered":"http:\/\/34.242.2.69\/nivala\/?page_id=15"},"modified":"2025-09-02T20:28:21","modified_gmt":"2025-09-02T17:28:21","slug":"toimintamuodot","status":"publish","type":"page","link":"https:\/\/paivitys.rauhanyhdistys.fi\/nivala\/toimintamuodot\/","title":{"rendered":"Toimintamuodot"},"content":{"rendered":"<div class=\"fusion-fullwidth fullwidth-box fusion-builder-row-1 nonhundred-percent-fullwidth non-hundred-percent-height-scrolling\" style=\"--awb-border-radius-top-left:0px;--awb-border-radius-top-right:0px;--awb-border-radius-bottom-right:0px;--awb-border-radius-bottom-left:0px;--awb-flex-wrap:wrap;\" ><div class=\"fusion-builder-row fusion-row\"><div class=\"fusion-layout-column fusion_builder_column fusion-builder-column-0 fusion_builder_column_1_2 1_2 fusion-one-half fusion-column-first\" style=\"--awb-bg-size:cover;width:50%;width:calc(50% - ( ( 4% ) * 0.5 ) );margin-right: 4%;\"><div class=\"fusion-column-wrapper fusion-flex-column-wrapper-legacy\"><div class=\"fusion-title title fusion-title-1 fusion-sep-none fusion-title-text fusion-title-size-one\"><h1 class=\"fusion-title-heading title-heading-left fusion-responsive-typography-calculated\" style=\"margin:0;--fontSize:34;line-height:1.4;\"><h1 class=\"content-box-heading\">Seurat<\/h1><\/h1><\/div><div class=\"fusion-text fusion-text-1\"><div class=\"heading icon-left\">\n<p><span style=\"color: #333333;\"><span style=\"font-family: Arial, sans-serif;\"><span style=\"font-size: medium;\">Seurat<\/span><\/span><\/span> <span style=\"color: #333333;\"><span style=\"font-family: Arial, sans-serif;\"><span style=\"font-size: medium;\">ovat rauhanyhdistys<\/span><\/span><\/span><span style=\"color: #333333;\"><span style=\"font-family: Arial, sans-serif;\"><span style=\"font-size: medium;\">t<\/span><\/span><\/span><span style=\"color: #333333;\"><span style=\"font-family: Arial, sans-serif;\"><span style=\"font-size: medium;\">en <\/span><\/span><\/span><span style=\"color: #333333;\"><span style=\"font-family: Arial, sans-serif;\"><span style=\"font-size: medium;\">t\u00e4rkein ja <\/span><\/span><\/span><span style=\"color: #333333;\"><span style=\"font-family: Arial, sans-serif;\"><span style=\"font-size: medium;\">p\u00e4\u00e4asiallinen toimintamuoto. <\/span><\/span><\/span><span style=\"color: #333333;\"><span style=\"font-family: Arial, sans-serif;\"><span style=\"font-size: medium;\">Seuroihin on vapaa p\u00e4\u00e4sy jokaisella, jokainen on sinne syd\u00e4mellisesti tervetullut. Seuroissa lauletaan <\/span><\/span><\/span><a href=\"https:\/\/kauppa.srk.fi\/category\/115\/painetut-laulukirjat\"><span style=\"font-family: Arial, sans-serif;\"><span style=\"font-size: medium;\">Siionin lauluja ja Virsi\u00e4<\/span><\/span><\/a><span style=\"color: #333333;\"><span style=\"font-family: Arial, sans-serif;\"><span style=\"font-size: medium;\"> ja kuunnellaan seurapuheita. <\/span><\/span><\/span><span style=\"color: #333333;\"><span style=\"font-family: Arial, sans-serif;\"><span style=\"font-size: medium;\">Puhujana on maallikkosaarnaja tai evankelisluterilaisen kirkon pappi. <\/span><\/span><\/span><span style=\"color: #333333;\"><span style=\"font-family: Arial, sans-serif;\"><span style=\"font-size: medium;\">Puheen aiheena on aina <\/span><\/span><\/span><a href=\"https:\/\/kauppa.srk.fi\/category\/35\/raamatut\"><span style=\"font-family: Arial, sans-serif;\"><span style=\"font-size: medium;\">Raamatun<\/span><\/span><\/a><span style=\"color: #333333;\"><span style=\"font-family: Arial, sans-serif;\"><span style=\"font-size: medium;\"> teksti, jota puhujaveli selitt\u00e4\u00e4 Jumalan antamin lahjoin. <\/span><\/span><\/span><span style=\"color: #333333;\"><span style=\"font-family: Arial, sans-serif;\"><span style=\"font-size: medium;\">Seurojen p\u00e4\u00e4sanoma <\/span><\/span><\/span><span style=\"color: #333333;\"><span style=\"font-family: Arial, sans-serif;\"><span style=\"font-size: medium;\">kertoa, kuinka<\/span><\/span><\/span><span style=\"color: #333333;\"><span style=\"font-family: Arial, sans-serif;\"><span style=\"font-size: medium;\"> Jeesu<\/span><\/span><\/span><span style=\"color: #333333;\"><span style=\"font-family: Arial, sans-serif;\"><span style=\"font-size: medium;\">s on sovittanut ristill\u00e4 syntimme: meill\u00e4 jokaisella on lupa uskoa synnit anteeksi ja mahdollisuus p\u00e4\u00e4st\u00e4 kerran taivaan kotiin.<\/span><\/span><\/span><\/p>\n<p><span style=\"color: #333333;\"><span style=\"font-family: Arial, sans-serif;\"><span style=\"font-size: medium;\">Seuroja j\u00e4rjestet\u00e4\u00e4n <\/span><\/span><\/span><span style=\"color: #333333;\"><span style=\"font-family: Arial, sans-serif;\"><span style=\"font-size: medium;\">viikoittain lauantaisin klo 19.30 ja sunnuntaisin klo 18.00. Sunnuntai-iltaisin<\/span><\/span><\/span><span style=\"color: #333333;\"><span style=\"font-family: Arial, sans-serif;\"><span style=\"font-size: medium;\"> on kaksi puhetta: ensimm\u00e4inen klo 18 ja toinen alkaa kahviv\u00e4liajan j\u00e4lkeen klo 19.30.<\/span><\/span><\/span><span style=\"color: #333333;\"><span style=\"font-family: Arial, sans-serif;\"><span style=\"font-size: medium;\"> Rauhanyhd<\/span><\/span><\/span><span style=\"color: #333333;\"><span style=\"font-family: Arial, sans-serif;\"><span style=\"font-size: medium;\">i<\/span><\/span><\/span><span style=\"color: #333333;\"><span style=\"font-family: Arial, sans-serif;\"><span style=\"font-size: medium;\">stysten lis\u00e4ksi <\/span><\/span><\/span><span style=\"color: #333333;\"><span style=\"font-family: Arial, sans-serif;\"><span style=\"font-size: medium;\">kodeissa, Kotikeskuksessa, <\/span><\/span><\/span><span style=\"color: #333333;\"><span style=\"font-family: Arial, sans-serif;\"><span style=\"font-size: medium;\">seurakunnan tiloissa ja <\/span><\/span><\/span><span style=\"color: #333333;\"><span style=\"font-family: Arial, sans-serif;\"><span style=\"font-size: medium;\">Haikaran <\/span><\/span><\/span><span style=\"color: #333333;\"><span style=\"font-family: Arial, sans-serif;\"><span style=\"font-size: medium;\">koululla. <\/span><\/span><\/span><span style=\"color: #333333;\"><span style=\"font-family: Arial, sans-serif;\"><span style=\"font-size: medium;\"><a href=\"https:\/\/paivitys.rauhanyhdistys.fi\/nivala\/toimintakalenteri\/\">Toimintakalenterista<\/a> n\u00e4et tarkemmat\u00a0<\/span><\/span><\/span><span style=\"font-size: medium; font-family: Arial, sans-serif;\">seurapaikat ja ajankohdat.<\/span><\/p>\n<p class=\"content-box-heading\">\n<\/div>\n<\/div><div class=\"fusion-clearfix\"><\/div><\/div><\/div><div class=\"fusion-layout-column fusion_builder_column fusion-builder-column-1 fusion_builder_column_1_2 1_2 fusion-one-half fusion-column-last\" style=\"--awb-bg-size:cover;width:50%;width:calc(50% - ( ( 4% ) * 0.5 ) );\"><div class=\"fusion-column-wrapper fusion-flex-column-wrapper-legacy\"><div class=\"fusion-title title fusion-title-2 fusion-sep-none fusion-title-text fusion-title-size-one\"><h1 class=\"fusion-title-heading title-heading-left fusion-responsive-typography-calculated\" style=\"margin:0;--fontSize:34;line-height:1.4;\"><h1 class=\"content-box-heading\">Myyj\u00e4iset ja ompeluseurat<\/h1><\/h1><\/div><div class=\"fusion-text fusion-text-2\"><div class=\"heading icon-left\">\n<p><span style=\"font-size: medium;\"><span style=\"font-family: Arial, sans-serif;\">Myyj\u00e4isi\u00e4 j\u00e4rjestet\u00e4\u00e4n kerran kuukaudessa perjantai-iltaisin tai lauantai-p\u00e4ivisin, ompeluseuroja torstaisin. Myyj\u00e4isiss\u00e4 on tarjolla etup\u00e4\u00e4ss\u00e4 herkullisia kotileivonnaisia, joskus my\u00f6s l\u00e4mmint\u00e4 ruokaa ja kahvila-konditoriatuotteita paikan p\u00e4\u00e4ll\u00e4 sy\u00f6t\u00e4v\u00e4ksi. Myyj\u00e4isten aluksi on lyhyt hartaushetki, ompeluseuroissa sen paikka vaihtelee. Tilaisuudet antavat mahdollisuuden tavata yst\u00e4vi\u00e4 ja vaihtaa kuulumisia. Myyj\u00e4iset ja ompeluseurat ovat t\u00e4rke\u00e4 osa varainhankintaa, jolla katetaan toimitalon yll\u00e4pitokustannuksia, kuten <\/span><span style=\"font-family: Arial, sans-serif;\">siivousta, l\u00e4mmityst\u00e4, s\u00e4hk\u00f6\u00e4 ja vett\u00e4. Niit\u00e4 j\u00e4rjestet\u00e4\u00e4n my\u00f6s mm. Kallion leirikeskuksen ja Reisj\u00e4rven kristillisen kansanopiston hyv\u00e4ksi. Tarkista myyj\u00e4isten ja ompeluseurojen ajankohdat <a href=\"https:\/\/paivitys.rauhanyhdistys.fi\/nivala\/toimintakalenteri\/\">toimintakalenterista<\/a>.<\/span><\/span><\/p>\n<\/div>\n<\/div><div class=\"fusion-clearfix\"><\/div><\/div><\/div><div class=\"fusion-layout-column fusion_builder_column fusion-builder-column-2 fusion_builder_column_1_2 1_2 fusion-one-half fusion-column-first\" style=\"--awb-bg-size:cover;width:50%;width:calc(50% - ( ( 4% ) * 0.5 ) );margin-right: 4%;\"><div class=\"fusion-column-wrapper fusion-flex-column-wrapper-legacy\"><div class=\"fusion-title title fusion-title-3 fusion-sep-none fusion-title-text fusion-title-size-one\"><h1 class=\"fusion-title-heading title-heading-left fusion-responsive-typography-calculated\" style=\"margin:0;--fontSize:34;line-height:1.4;\"><p class=\"content-box-heading\">Toimintaa lapsille<\/p><\/h1><\/div><div class=\"fusion-text fusion-text-3\"><h3><strong>Pyh\u00e4koulu<\/strong><\/h3>\n<\/div><div class=\"fusion-text fusion-text-4\"><p><img decoding=\"async\" class=\"size-medium wp-image-199 alignright\" src=\"https:\/\/paivitys.rauhanyhdistys.fi\/nivala\/wp-content\/uploads\/sites\/18\/2018\/06\/Raamattu-ja-virsikirja-300x225.jpg\" alt=\"\" width=\"300\" height=\"225\" srcset=\"https:\/\/paivitys.rauhanyhdistys.fi\/nivala\/wp-content\/uploads\/sites\/18\/2018\/06\/Raamattu-ja-virsikirja-200x150.jpg 200w, https:\/\/paivitys.rauhanyhdistys.fi\/nivala\/wp-content\/uploads\/sites\/18\/2018\/06\/Raamattu-ja-virsikirja-300x225.jpg 300w, https:\/\/paivitys.rauhanyhdistys.fi\/nivala\/wp-content\/uploads\/sites\/18\/2018\/06\/Raamattu-ja-virsikirja-400x300.jpg 400w, https:\/\/paivitys.rauhanyhdistys.fi\/nivala\/wp-content\/uploads\/sites\/18\/2018\/06\/Raamattu-ja-virsikirja-600x450.jpg 600w, https:\/\/paivitys.rauhanyhdistys.fi\/nivala\/wp-content\/uploads\/sites\/18\/2018\/06\/Raamattu-ja-virsikirja-768x576.jpg 768w, https:\/\/paivitys.rauhanyhdistys.fi\/nivala\/wp-content\/uploads\/sites\/18\/2018\/06\/Raamattu-ja-virsikirja-800x600.jpg 800w, https:\/\/paivitys.rauhanyhdistys.fi\/nivala\/wp-content\/uploads\/sites\/18\/2018\/06\/Raamattu-ja-virsikirja-1024x768.jpg 1024w, https:\/\/paivitys.rauhanyhdistys.fi\/nivala\/wp-content\/uploads\/sites\/18\/2018\/06\/Raamattu-ja-virsikirja-1200x900.jpg 1200w, https:\/\/paivitys.rauhanyhdistys.fi\/nivala\/wp-content\/uploads\/sites\/18\/2018\/06\/Raamattu-ja-virsikirja.jpg 3648w\" sizes=\"(max-width: 300px) 100vw, 300px\" \/><\/p>\n<p><span style=\"font-family: Arial, sans-serif;\"><span style=\"font-size: medium;\"><span style=\"color: #333333;\">Pyh\u00e4koulujen tarkoituksena on tutustuttaa <\/span><span style=\"color: #333333;\">2-10-vuotiaat <\/span><span style=\"color: #333333;\">lapset Raamatun kertomuksiin ja kuulemaan evankeliumia. <\/span><span style=\"color: #333333;\">Pyh\u00e4koulussa lauletaan Siionin lauluja ja Virsi\u00e4. Lapset saavat <a href=\"https:\/\/kauppa.srk.fi\/product\/44\/lasten-ystava-2--merkit-8-oppilaalle\">pyh\u00e4koulumerkin<\/a>, joka liimataan<a href=\"https:\/\/kauppa.srk.fi\/product\/36\/lasten-ystava--vihkot-8lle-oppilaalle\"> pyh\u00e4kouluvihkoon<\/a>. Samaan vihkoon voi kirjoittaa my\u00f6s kunkin kerran muistolauseen.\u00a0Opettajina toimivat teht\u00e4v\u00e4\u00e4n kutsutut henkil\u00f6t, jotka uskovat samalla tavalla lasten ja heid\u00e4n perheidens\u00e4 kanssa.<\/span><span style=\"color: #333333;\"> Opetuksen apuv\u00e4lineen\u00e4 k\u00e4ytet\u00e4\u00e4n <\/span><a href=\"https:\/\/kauppa.srk.fi\/product\/433\/lasten-ystava-1--kuvat\"><span style=\"color: #333333;\">Pyh\u00e4kouluoppaita: <\/span><span style=\"color: #333333;\">Lasten yst\u00e4v\u00e4 <\/span>1-3. <\/a><\/span><\/span><\/p>\n<p><span style=\"font-family: Arial, sans-serif;\"><span style=\"font-size: medium;\"><span style=\"color: #333333;\">Pyh\u00e4koulu kokoontuu sunnuntaisin rauhanyhdistyksell\u00e4 klo 11.00-11.30 kerhohuoneessa 1. Lis\u00e4ksi jokaisella kyl\u00e4kulmalla pyh\u00e4kouluja j\u00e4rjestet\u00e4\u00e4n kodeissa, alkamisajankohta vaihtelee klo 11-12. Kysy oman kyl\u00e4si yst\u00e4vilt\u00e4 <\/span><span style=\"color: #333333;\">pyh\u00e4koulupaikkaa ja -aikaa.<\/span><\/span><\/span><\/p>\n<\/div><div class=\"fusion-title title fusion-title-4 fusion-sep-none fusion-title-text fusion-title-size-one\"><h1 class=\"fusion-title-heading title-heading-left fusion-responsive-typography-calculated\" style=\"margin:0;--fontSize:34;line-height:1.4;\"><h3><strong>P\u00e4iv\u00e4kerho<\/strong><\/h3><\/h1><\/div><div class=\"fusion-text fusion-text-5\"><p><span style=\"font-family: Arial, sans-serif;\"><span style=\"font-size: medium;\"><img decoding=\"async\" class=\"size-medium wp-image-195 alignright\" src=\"https:\/\/paivitys.rauhanyhdistys.fi\/nivala\/wp-content\/uploads\/sites\/18\/2018\/06\/0-Rivit-234x300.jpg\" alt=\"\" width=\"234\" height=\"300\" srcset=\"https:\/\/paivitys.rauhanyhdistys.fi\/nivala\/wp-content\/uploads\/sites\/18\/2018\/06\/0-Rivit-200x256.jpg 200w, https:\/\/paivitys.rauhanyhdistys.fi\/nivala\/wp-content\/uploads\/sites\/18\/2018\/06\/0-Rivit-234x300.jpg 234w, https:\/\/paivitys.rauhanyhdistys.fi\/nivala\/wp-content\/uploads\/sites\/18\/2018\/06\/0-Rivit-400x512.jpg 400w, https:\/\/paivitys.rauhanyhdistys.fi\/nivala\/wp-content\/uploads\/sites\/18\/2018\/06\/0-Rivit-600x769.jpg 600w, https:\/\/paivitys.rauhanyhdistys.fi\/nivala\/wp-content\/uploads\/sites\/18\/2018\/06\/0-Rivit-768x984.jpg 768w, https:\/\/paivitys.rauhanyhdistys.fi\/nivala\/wp-content\/uploads\/sites\/18\/2018\/06\/0-Rivit-799x1024.jpg 799w, https:\/\/paivitys.rauhanyhdistys.fi\/nivala\/wp-content\/uploads\/sites\/18\/2018\/06\/0-Rivit-800x1025.jpg 800w, https:\/\/paivitys.rauhanyhdistys.fi\/nivala\/wp-content\/uploads\/sites\/18\/2018\/06\/0-Rivit-1200x1537.jpg 1200w, https:\/\/paivitys.rauhanyhdistys.fi\/nivala\/wp-content\/uploads\/sites\/18\/2018\/06\/0-Rivit.jpg 2615w\" sizes=\"(max-width: 234px) 100vw, 234px\" \/>Kerhossa on lyhyt uskontotuokio, jossa opetetaan lapsentajuisesti Raamatun kertomuksia. Apuna k\u00e4ytet\u00e4\u00e4n <a href=\"https:\/\/kauppa.srk.fi\/product\/661\/kodin-kuvaraamattu\">Kodin Kuvaraamattua.<\/a> Lis\u00e4ksi kerhossa lauletaan, askarrellaan ja leikit\u00e4\u00e4n. Jokaisessa ryhm\u00e4ss\u00e4 on yksi aikuinen kerhot\u00e4ti, jolla\u00a0on alakoululaisia tytt\u00f6j\u00e4 ja poikia apuopettajina.\u00a0\u00a04-5-vuotiaat lapset ovat tervetulleita maanantai- tai keskiviikkoiltaisin klo 18.00-19.30 p\u00e4iv\u00e4kerhoon.\u00a0P\u00e4iv\u00e4kerhoon ilmoittaudutaan huhti-toukokuussa rauhanyhdis<\/span><\/span><span style=\"font-family: Arial, sans-serif;\"><span style=\"font-size: medium;\">tyksen eteisist\u00e4 l\u00f6ytyvill\u00e4 lomakkeilla.<\/span><\/span><\/p>\n<\/div><div class=\"fusion-clearfix\"><\/div><\/div><\/div><div class=\"fusion-layout-column fusion_builder_column fusion-builder-column-3 fusion_builder_column_1_2 1_2 fusion-one-half fusion-column-last\" style=\"--awb-bg-size:cover;width:50%;width:calc(50% - ( ( 4% ) * 0.5 ) );\"><div class=\"fusion-column-wrapper fusion-flex-column-wrapper-legacy\"><div class=\"fusion-title title fusion-title-5 fusion-sep-none fusion-title-text fusion-title-size-one\"><h1 class=\"fusion-title-heading title-heading-left fusion-responsive-typography-calculated\" style=\"margin:0;--fontSize:34;line-height:1.4;\"><p class=\"content-box-heading\">Toimintaa nuorille<\/p><\/h1><\/div><div class=\"fusion-text fusion-text-6\"><h3><strong>Raamattuluokka<\/strong><\/h3>\n<\/div><div class=\"fusion-text fusion-text-7\"><p><span style=\"font-size: medium;\"><span style=\"font-family: Arial, sans-serif;\">Raamattuluokka on tarkoitettu 5.-8.-luokkalaisille lapsille ja nuorille. Se <\/span><\/span><span style=\"font-size: medium;\"><span style=\"font-family: Arial, sans-serif;\">kokoaa varttuneempia lapsia Raamatun sanoman \u00e4\u00e4relle, laulamaan ja keskustelemaan uskomisen asioista. Iltojen suunnittelun tukena k\u00e4ytet\u00e4\u00e4n <a href=\"https:\/\/kauppa.srk.fi\/product\/716\/raamattuluokkaopas---uskon-tiella-2-usko-ja-elama\">Raamattuluokkaoppaita 1-4.<\/a> Raamattuluokat kokoontuvat perjantaisin klo 18.30-19.30 kerhohuoneissa ja sakastissa, jokainen luokka-aste omassa ryhm\u00e4ss\u00e4\u00e4n. Tarkista toimintakalenterista, onko poikkeuksellisesti myyj\u00e4isilta<\/span><\/span><\/p>\n<\/div><div class=\"fusion-title title fusion-title-6 fusion-sep-none fusion-title-text fusion-title-size-one\"><h1 class=\"fusion-title-heading title-heading-left fusion-responsive-typography-calculated\" style=\"margin:0;--fontSize:34;line-height:1.4;\"><h3><strong>Nuortenillat ja retket<\/strong><\/h3><\/h1><\/div><div class=\"fusion-text fusion-text-8\"><p><span style=\"font-size: medium;\"><span style=\"font-family: Arial, sans-serif;\">Nuorteniltoja on muutaman kerran vuodessa, ne on suunnattu <\/span><span style=\"font-family: Arial, sans-serif;\">rippikoulun k\u00e4yneille nuorille. Nuortenilloissa keskustellaan ajankohtaisista asioista ja pohditaan niiden vaikutusta uskonel\u00e4m\u00e4lle. Retki\u00e4 on tehty 1-3 kertaa vuodessa, esimerkiksi laskettelureissuja ja luontoretki\u00e4. Toimintakalenterissa ilmoitetaan nuortenilloista ja retkist\u00e4. N\u00e4iden j\u00e4rjest\u00e4misest\u00e4 vastaa nuorten puuharyhm\u00e4.<\/span><\/span><\/p>\n<\/div><div class=\"fusion-clearfix\"><\/div><\/div><\/div><div class=\"fusion-layout-column fusion_builder_column fusion-builder-column-4 fusion_builder_column_1_2 1_2 fusion-one-half fusion-column-first\" style=\"--awb-bg-size:cover;width:50%;width:calc(50% - ( ( 4% ) * 0.5 ) );margin-right: 4%;\"><div class=\"fusion-column-wrapper fusion-flex-column-wrapper-legacy\"><div class=\"fusion-title title fusion-title-7 fusion-sep-none fusion-title-text fusion-title-size-one\"><h1 class=\"fusion-title-heading title-heading-left fusion-responsive-typography-calculated\" style=\"margin:0;--fontSize:34;line-height:1.4;\">Perhe- ja diakoniaty\u00f6<\/h1><\/div><div class=\"fusion-text fusion-text-9\"><p><span style=\"color: #333333;\"><span style=\"font-family: Arial, sans-serif;\"><span style=\"font-size: medium;\">J<\/span><\/span><\/span><span style=\"color: #333333;\"><span style=\"font-family: Arial, sans-serif;\"><span style=\"font-size: medium;\">os haluat seuroihin, etk\u00e4 p\u00e4\u00e4se sinne omin avuin, ota yhteytt\u00e4 diakoniatoimikuntaan.\u00a0\u00a0<\/span><\/span><\/span><\/p>\n<\/div><div class=\"fusion-text fusion-text-10\"><p><span style=\"font-size: medium;\"><span style=\"font-family: Arial, sans-serif;\">Diakoniatoimikunnan puoleen voi <\/span><span style=\"font-family: Arial, sans-serif;\">k\u00e4\u00e4nty\u00e4, jos itse tai l\u00e4heinen kaipaa haastavassa el\u00e4m\u00e4ntilanteessa tukea arkeensa ja\/tai sielunhoitoonsa.\u00a0Toimikunnan puitteissa j\u00e4rjestet\u00e4\u00e4n avustusta\u00a0<span style=\"font-size: medium;\"><span style=\"font-family: Arial, sans-serif;\">perheille SRK:n leireille p\u00e4\u00e4semiseksi.<\/span><\/span> Diakoniatoimikunta muistaa my\u00f6s 85, 90 ja yli 90 vuotta t\u00e4ytt\u00e4vi\u00e4 tervehdysk\u00e4ynnill\u00e4 ja jakaa Siionin Joulu-lehti\u00e4 paikkakunnan laitoksiin ja vanhuksille. <span style=\"font-size: medium;\"><span style=\"font-family: Arial, sans-serif;\">\u00a0<\/span><\/span><\/span><\/span><\/p>\n<\/div><div class=\"fusion-text fusion-text-11\"><p><span style=\"font-size: medium;\"><span style=\"font-family: Arial, sans-serif;\">Resurssipankkin kautta voit saada tilap\u00e4ist\u00e4 lastenhoitoapua tai muuta apua arkeen, ota yhteytt\u00e4 Nivalan ry:n perhe- ja diakoniatoimikunnan vastuuhenkil\u00f6ihin: Jenni Myllylahti p. 0400-523547 ja Eveliina T\u00f6lli p. 044-5323436.<\/span><span style=\"font-family: Arial, sans-serif;\"><span style=\"font-size: medium;\"><span style=\"font-family: Arial, sans-serif;\">\u00a0Jos haluat olla mukana auttamassa, tutustu resurssipankin toimintaan <a href=\"https:\/\/resurssipankki.fi\/\">t\u00e4\u00e4ll\u00e4.<\/a><\/span><\/span><\/span><\/span><\/p>\n<\/div><div class=\"fusion-clearfix\"><\/div><\/div><\/div><div class=\"fusion-layout-column fusion_builder_column fusion-builder-column-5 fusion_builder_column_1_2 1_2 fusion-one-half fusion-column-last\" style=\"--awb-bg-size:cover;width:50%;width:calc(50% - ( ( 4% ) * 0.5 ) );\"><div class=\"fusion-column-wrapper fusion-flex-column-wrapper-legacy\"><div class=\"fusion-title title fusion-title-8 fusion-sep-none fusion-title-text fusion-title-size-one\"><h1 class=\"fusion-title-heading title-heading-left fusion-responsive-typography-calculated\" style=\"margin:0;--fontSize:34;line-height:1.4;\">Toimintaa aikuisille<\/h1><\/div><div class=\"fusion-title title fusion-title-9 fusion-sep-none fusion-title-text fusion-title-size-one\"><h1 class=\"fusion-title-heading title-heading-left fusion-responsive-typography-calculated\" style=\"margin:0;--fontSize:34;line-height:1.4;\"><h3><strong>Sisarkerho<\/strong><\/h3><\/h1><\/div><div class=\"fusion-text fusion-text-12\"><p><span style=\"font-size: medium;\"><span style=\"font-family: Arial, sans-serif;\">Kaiken ik\u00e4isille naisille tarkoitettu kerho, joka kokoontuu kuukausittain, yleens\u00e4 kuukauden toisena tiistaina klo 18.00 rauhanyhdistyksell\u00e4, kodissa <\/span><span style=\"font-family: Arial, sans-serif;\">tai m\u00f6kill\u00e4. Kerhojen sis\u00e4lt\u00f6n\u00e4 hartaushetken lis\u00e4ksi ovat erilaiset el\u00e4m\u00e4\u00e4 voimaannuttavat aiheet, kuten asiantuntijaluennot, stressin hallinta, ulkoilu, reseptien vaihto, sisustusaskartelut, vierailut l\u00e4hipaikkakuntien sisarkerhoihin. <\/span><\/span><\/p>\n<\/div><div class=\"fusion-title title fusion-title-10 fusion-sep-none fusion-title-text fusion-title-size-one\"><h1 class=\"fusion-title-heading title-heading-left fusion-responsive-typography-calculated\" style=\"margin:0;--fontSize:34;line-height:1.4;\"><h3><strong>Varttuneiden kerho<\/strong><\/h3><\/h1><\/div><div class=\"fusion-text fusion-text-13\"><p><span style=\"font-size: medium;\"><span style=\"font-family: Arial, sans-serif;\">Varttuneiden kerhossa ik\u00e4\u00e4ntyneet kokoontuvat yhteen Jumalan sanan \u00e4\u00e4rellle, laulamaan, kahvittelemaan ja keskustelemaan ajankohtaisista aiheista. Usein on pyydetty asiantuntija kertomaan esi<\/span><span style=\"font-family: Arial, sans-serif;\">m. edunvalvonnasta, testamentin tekemisest\u00e4 tai terveyden huollosta. Varttuneiden kerho tekee retki\u00e4 ja kutsuu vierailulle yst\u00e4v\u00e4kerhoja. Kerho kokoontuu joka toinen keskiviikko klo 11.00 kahviossa.<\/span><\/span><\/p>\n<\/div><div class=\"fusion-clearfix\"><\/div><\/div><\/div><div class=\"fusion-layout-column fusion_builder_column fusion-builder-column-6 fusion_builder_column_1_2 1_2 fusion-one-half fusion-column-first\" style=\"--awb-bg-size:cover;width:50%;width:calc(50% - ( ( 4% ) * 0.5 ) );margin-right: 4%;\"><div class=\"fusion-column-wrapper fusion-flex-column-wrapper-legacy\"><div class=\"fusion-title title fusion-title-11 fusion-sep-none fusion-title-text fusion-title-size-one\"><h1 class=\"fusion-title-heading title-heading-left fusion-responsive-typography-calculated\" style=\"margin:0;--fontSize:34;line-height:1.4;\"><p class=\"content-box-heading\">Julkaisumyynti<\/p><\/h1><\/div><div class=\"fusion-text fusion-text-14\"><div class=\"heading icon-left\">\n<p><span style=\"font-size: medium;\"><span style=\"font-family: Arial, sans-serif;\">Rauhanyhdistyksen kirjamyyntipisteess\u00e4 <\/span><span style=\"font-family: Arial, sans-serif;\">on tarjolla SRK:n kustantamia hengellisi\u00e4 kirjoja ja \u00e4\u00e4nitteit\u00e4. Julkaisuista saa iloa ja lohtua el\u00e4m\u00e4\u00e4n. Ne ovat my\u00f6s eritt\u00e4in hyvi\u00e4 lahjoja moneen tilanteeseen. Valikoimaan voit tutustua my\u00f6s <a href=\"https:\/\/kauppa.srk.fi\/\">SRK:n verkkokaupassa<\/a>. Tervetuloa ostoksille! <\/span><\/span><\/p>\n<\/div>\n<\/div><div class=\"fusion-clearfix\"><\/div><\/div><\/div><\/div><\/div>\n","protected":false},"excerpt":{"rendered":"","protected":false},"author":1,"featured_media":197,"parent":0,"menu_order":0,"comment_status":"closed","ping_status":"closed","template":"","meta":{"footnotes":""},"class_list":["post-15","page","type-page","status-publish","has-post-thumbnail","hentry"],"_links":{"self":[{"href":"https:\/\/paivitys.rauhanyhdistys.fi\/nivala\/wp-json\/wp\/v2\/pages\/15","targetHints":{"allow":["GET"]}}],"collection":[{"href":"https:\/\/paivitys.rauhanyhdistys.fi\/nivala\/wp-json\/wp\/v2\/pages"}],"about":[{"href":"https:\/\/paivitys.rauhanyhdistys.fi\/nivala\/wp-json\/wp\/v2\/types\/page"}],"author":[{"embeddable":true,"href":"https:\/\/paivitys.rauhanyhdistys.fi\/nivala\/wp-json\/wp\/v2\/users\/1"}],"replies":[{"embeddable":true,"href":"https:\/\/paivitys.rauhanyhdistys.fi\/nivala\/wp-json\/wp\/v2\/comments?post=15"}],"version-history":[{"count":53,"href":"https:\/\/paivitys.rauhanyhdistys.fi\/nivala\/wp-json\/wp\/v2\/pages\/15\/revisions"}],"predecessor-version":[{"id":575,"href":"https:\/\/paivitys.rauhanyhdistys.fi\/nivala\/wp-json\/wp\/v2\/pages\/15\/revisions\/575"}],"wp:featuredmedia":[{"embeddable":true,"href":"https:\/\/paivitys.rauhanyhdistys.fi\/nivala\/wp-json\/wp\/v2\/media\/197"}],"wp:attachment":[{"href":"https:\/\/paivitys.rauhanyhdistys.fi\/nivala\/wp-json\/wp\/v2\/media?parent=15"}],"curies":[{"name":"wp","href":"https:\/\/api.w.org\/{rel}","templated":true}]}}